{"id":44,"date":"2020-10-19T13:31:14","date_gmt":"2020-10-19T16:31:14","guid":{"rendered":"http:\/\/blog2.melhorenvio.com.br\/?page_id=44"},"modified":"2026-04-23T09:53:29","modified_gmt":"2026-04-23T12:53:29","slug":"home","status":"publish","type":"page","link":"https:\/\/melhorenvio.com.br\/blog\/","title":{"rendered":"Home"},"content":{"rendered":"<div class=\"wpb-content-wrapper\"><p>[vc_row full_width=&#8221;stretch_row&#8221; vc_row_background=&#8221;&#8221;][vc_column][vc_wp_custommenu nav_menu=&#8221;13&#8243; el_class=&#8221;second-menu&#8221;][vc_images_carousel images=&#8221;58167,58709&#8243; img_size=&#8221;full&#8221; onclick=&#8221;custom_link&#8221; custom_links_target=&#8221;_blank&#8221; autoplay=&#8221;yes&#8221; hide_pagination_control=&#8221;yes&#8221; hide_prev_next_buttons=&#8221;yes&#8221; wrap=&#8221;yes&#8221; css=&#8221;&#8221; custom_links=&#8221;#E-8_aHR0cHMlM0ElMkYlMkZtZWxob3JlbnZpby5jb20uYnIlMkYlMkNodHRwcyUzQSUyRiUyRm1lbGhvcmVudmlvLmNvbS5iciUyRg==&#8221;][\/vc_column][\/vc_row][vc_row][vc_column width=&#8221;2\/3&#8243;][vc_raw_html]JTNDZGl2JTIwY2xhc3MlM0QlMjJlbS1kZXN0YXF1ZSUyMiUzRSU1QnNtYXJ0X3Bvc3Rfc2hvdyUyMGlkJTNEJTIyMzU2NDIlMjIlNUQlM0MlMkZkaXYlM0U=[\/vc_raw_html]<div  class=\"jeg_postblock_23 jeg_postblock jeg_module_hook jeg_pagination_disable jeg_col_3o3 jnews_module__0_69f36d3275bda   mais-recentes\" data-unique=\"jnews_module__0_69f36d3275bda\">\n\t\t\t\t\t<div class=\"jeg_block_heading jeg_block_heading_6 jeg_subcat_right\">\n                     <h3 class=\"jeg_block_title\"><span>Mais recentes<\/span><\/h3>\n                     \n                 <\/div>\n\t\t\t\t\t<div class=\"jeg_block_container\">\n                    \n                    <div class=\"jeg_posts_wrap\">\n                    <div class=\"jeg_posts jeg_load_more_flag\"> \n                        <article class=\"jeg_post jeg_pl_md_1 format-standard\">\n                    <div class=\"jeg_thumb\">\n                        \n                        <a href=\"https:\/\/melhorenvio.com.br\/blog\/datas-especiais\/o-que-vender-no-dia-das-maes\/\" aria-label=\"Read article: Dia das M\u00e3es 2026: produtos e estrat\u00e9gias para vender mais\"><div class=\"thumbnail-container animate-lazy  size-715 \"><img loading=\"lazy\" decoding=\"async\" width=\"350\" height=\"250\" src=\"https:\/\/melhorenvio.com.br\/blog\/wp-content\/themes\/jnews\/assets\/img\/jeg-empty.png\" class=\"attachment-jnews-350x250 size-jnews-350x250 lazyload wp-post-image\" alt=\"O-que-vender-no-Dia-das-Maes-Melhor-Envio\" sizes=\"auto, (max-width: 350px) 100vw, 350px\" data-src=\"https:\/\/melhorenvio.com.br\/blog\/wp-content\/uploads\/2023\/04\/O-que-vender-no-Dia-das-Maes-Melhor-Envio-350x250.webp\" data-srcset=\"https:\/\/melhorenvio.com.br\/blog\/wp-content\/uploads\/2023\/04\/O-que-vender-no-Dia-das-Maes-Melhor-Envio-350x250.webp 350w, https:\/\/melhorenvio.com.br\/blog\/wp-content\/uploads\/2023\/04\/O-que-vender-no-Dia-das-Maes-Melhor-Envio-120x86.webp 120w, https:\/\/melhorenvio.com.br\/blog\/wp-content\/uploads\/2023\/04\/O-que-vender-no-Dia-das-Maes-Melhor-Envio-750x536.webp 750w, https:\/\/melhorenvio.com.br\/blog\/wp-content\/uploads\/2023\/04\/O-que-vender-no-Dia-das-Maes-Melhor-Envio-1140x815.webp 1140w\" data-sizes=\"auto\" data-expand=\"700\" \/><\/div><\/a>\n                        <div class=\"jeg_post_category\">\n                            <span><a href=\"https:\/\/melhorenvio.com.br\/blog\/datas-especiais\/\" class=\"category-datas-especiais\">Datas especiais<\/a><\/span>\n                        <\/div>\n                    <\/div>\n                    <div class=\"jeg_postblock_content\">\n                        <h3 class=\"jeg_post_title\">\n                            <a href=\"https:\/\/melhorenvio.com.br\/blog\/datas-especiais\/o-que-vender-no-dia-das-maes\/\">Dia das M\u00e3es 2026: produtos e estrat\u00e9gias para vender mais<\/a>\n                        <\/h3>\n                        <div class=\"jeg_post_excerpt\">\n                            <p>O Dia das M\u00e3es 2026 ser\u00e1 no dia 10 de...<\/p>\n                        <\/div>\n                        <div class=\"jeg_post_meta\"><div class=\"jeg_meta_author\"><span class=\"by\">Por<\/span> <a href=\"\/blog\/author\/thiago-soares\">Thiago<\/a><\/div><div class=\"jeg_meta_date\"><a href=\"https:\/\/melhorenvio.com.br\/blog\/datas-especiais\/o-que-vender-no-dia-das-maes\/\"><i class=\"fa fa-clock-o\"><\/i> abril, 2026<\/a><\/div><\/div>\n                    <\/div>\n                <\/article><article class=\"jeg_post jeg_pl_md_1 format-standard\">\n                    <div class=\"jeg_thumb\">\n                        \n                        <a href=\"https:\/\/melhorenvio.com.br\/blog\/datas-especiais\/como-vender-mais-na-copa-do-mundo\/\" aria-label=\"Read article: Copa do Mundo 2026: o que vender e estrat\u00e9gias para aumentar as vendas\"><div class=\"thumbnail-container animate-lazy  size-715 \"><img loading=\"lazy\" decoding=\"async\" width=\"350\" height=\"132\" src=\"https:\/\/melhorenvio.com.br\/blog\/wp-content\/themes\/jnews\/assets\/img\/jeg-empty.png\" class=\"attachment-jnews-350x250 size-jnews-350x250 lazyload wp-post-image\" alt=\"Torcedores do Brasil\" data-src=\"https:\/\/melhorenvio.com.br\/blog\/wp-content\/uploads\/2026\/04\/copa-do-mundo-2022-melhor-envio-destaque-1-e1776952865650.webp\" data-srcset=\"\" data-sizes=\"auto\" data-expand=\"700\" \/><\/div><\/a>\n                        <div class=\"jeg_post_category\">\n                            <span><a href=\"https:\/\/melhorenvio.com.br\/blog\/datas-especiais\/\" class=\"category-datas-especiais\">Datas especiais<\/a><\/span>\n                        <\/div>\n                    <\/div>\n                    <div class=\"jeg_postblock_content\">\n                        <h3 class=\"jeg_post_title\">\n                            <a href=\"https:\/\/melhorenvio.com.br\/blog\/datas-especiais\/como-vender-mais-na-copa-do-mundo\/\">Copa do Mundo 2026: o que vender e estrat\u00e9gias para aumentar as vendas<\/a>\n                        <\/h3>\n                        <div class=\"jeg_post_excerpt\">\n                            <p>Confira dicas de como vender mais na Copa do Mundo...<\/p>\n                        <\/div>\n                        <div class=\"jeg_post_meta\"><div class=\"jeg_meta_author\"><span class=\"by\">Por<\/span> <a href=\"\/blog\/author\/camilamelo\">Camila Melo<\/a><\/div><div class=\"jeg_meta_date\"><a href=\"https:\/\/melhorenvio.com.br\/blog\/datas-especiais\/como-vender-mais-na-copa-do-mundo\/\"><i class=\"fa fa-clock-o\"><\/i> abril, 2026<\/a><\/div><\/div>\n                    <\/div>\n                <\/article><article class=\"jeg_post jeg_pl_md_1 format-standard\">\n                    <div class=\"jeg_thumb\">\n                        \n                        <a href=\"https:\/\/melhorenvio.com.br\/blog\/frete-e-logistica\/frete-gratis\/\" aria-label=\"Read article: Como e quando oferecer frete gr\u00e1tis no e-commerce\"><div class=\"thumbnail-container animate-lazy  size-715 \"><img loading=\"lazy\" decoding=\"async\" width=\"350\" height=\"154\" src=\"https:\/\/melhorenvio.com.br\/blog\/wp-content\/themes\/jnews\/assets\/img\/jeg-empty.png\" class=\"attachment-jnews-350x250 size-jnews-350x250 lazyload wp-post-image\" alt=\"saiba como e quando oferecer frete gratis\" data-src=\"https:\/\/melhorenvio.com.br\/blog\/wp-content\/uploads\/2019\/06\/saiba-como-e-quando-oferecer-frete-gratis-e1776953082537.png\" data-srcset=\"\" data-sizes=\"auto\" data-expand=\"700\" \/><\/div><\/a>\n                        <div class=\"jeg_post_category\">\n                            <span><a href=\"https:\/\/melhorenvio.com.br\/blog\/frete-e-logistica\/\" class=\"category-frete-e-logistica\">Frete e Log\u00edstica<\/a><\/span>\n                        <\/div>\n                    <\/div>\n                    <div class=\"jeg_postblock_content\">\n                        <h3 class=\"jeg_post_title\">\n                            <a href=\"https:\/\/melhorenvio.com.br\/blog\/frete-e-logistica\/frete-gratis\/\">Como e quando oferecer frete gr\u00e1tis no e-commerce<\/a>\n                        <\/h3>\n                        <div class=\"jeg_post_excerpt\">\n                            <p>Aprenda como oferecer frete gr\u00e1tis no seu e-commerce da forma...<\/p>\n                        <\/div>\n                        <div class=\"jeg_post_meta\"><div class=\"jeg_meta_author\"><span class=\"by\">Por<\/span> <a href=\"\/blog\/author\/paulo-henrique\">Paulo Henrique<\/a><\/div><div class=\"jeg_meta_date\"><a href=\"https:\/\/melhorenvio.com.br\/blog\/frete-e-logistica\/frete-gratis\/\"><i class=\"fa fa-clock-o\"><\/i> abril, 2026<\/a><\/div><\/div>\n                    <\/div>\n                <\/article><article class=\"jeg_post jeg_pl_md_1 format-standard\">\n                    <div class=\"jeg_thumb\">\n                        \n                        <a href=\"https:\/\/melhorenvio.com.br\/blog\/ecommerce-e-marketplace\/dia-do-frete-gratis\/\" aria-label=\"Read article: Dia do Frete Gr\u00e1tis 2026: dicas de venda e calculadora de frete gr\u00e1tis\"><div class=\"thumbnail-container animate-lazy  size-715 \"><img loading=\"lazy\" decoding=\"async\" width=\"350\" height=\"233\" src=\"https:\/\/melhorenvio.com.br\/blog\/wp-content\/themes\/jnews\/assets\/img\/jeg-empty.png\" class=\"attachment-jnews-350x250 size-jnews-350x250 lazyload wp-post-image\" alt=\"vendedora sorrindo com pacote pronto para postagem\" data-src=\"https:\/\/melhorenvio.com.br\/blog\/wp-content\/uploads\/2025\/03\/dia-do-frete-gratis-e1776952915220.webp\" data-srcset=\"\" data-sizes=\"auto\" data-expand=\"700\" \/><\/div><\/a>\n                        <div class=\"jeg_post_category\">\n                            <span><a href=\"https:\/\/melhorenvio.com.br\/blog\/ecommerce-e-marketplace\/\" class=\"category-ecommerce-e-marketplace\">E-commerce e Marketplace<\/a><\/span>\n                        <\/div>\n                    <\/div>\n                    <div class=\"jeg_postblock_content\">\n                        <h3 class=\"jeg_post_title\">\n                            <a href=\"https:\/\/melhorenvio.com.br\/blog\/ecommerce-e-marketplace\/dia-do-frete-gratis\/\">Dia do Frete Gr\u00e1tis 2026: dicas de venda e calculadora de frete gr\u00e1tis<\/a>\n                        <\/h3>\n                        <div class=\"jeg_post_excerpt\">\n                            <p>Descubra como turbinar suas vendas no Dia do Frete Gr\u00e1tis<\/p>\n                        <\/div>\n                        <div class=\"jeg_post_meta\"><div class=\"jeg_meta_author\"><span class=\"by\">Por<\/span> <a href=\"\/blog\/author\/livia-antunes\">L\u00edvia Antunes<\/a> e <a href=\"\/blog\/author\/thiago-soares\">Thiago<\/a><\/div><div class=\"jeg_meta_date\"><a href=\"https:\/\/melhorenvio.com.br\/blog\/ecommerce-e-marketplace\/dia-do-frete-gratis\/\"><i class=\"fa fa-clock-o\"><\/i> abril, 2026<\/a><\/div><\/div>\n                    <\/div>\n                <\/article><article class=\"jeg_post jeg_pl_md_1 format-standard\">\n                    <div class=\"jeg_thumb\">\n                        \n                        <a href=\"https:\/\/melhorenvio.com.br\/blog\/sobre-nos\/me-envia-2026\/\" aria-label=\"Read article: ME Envia 2026: um raio\u2011X do e\u2011commerce brasileiro em 2025\"><div class=\"thumbnail-container animate-lazy  size-715 \"><img loading=\"lazy\" decoding=\"async\" width=\"350\" height=\"250\" src=\"https:\/\/melhorenvio.com.br\/blog\/wp-content\/themes\/jnews\/assets\/img\/jeg-empty.png\" class=\"attachment-jnews-350x250 size-jnews-350x250 lazyload wp-post-image\" alt=\"capa-artigo-me-envia-2026 com o logo do Melhor Em envio e destaque, uma m\u00e3o fazendo um joinha\" sizes=\"auto, (max-width: 350px) 100vw, 350px\" data-src=\"https:\/\/melhorenvio.com.br\/blog\/wp-content\/uploads\/2026\/03\/capa-artigo-me-envia-2026-1-350x250.png\" data-srcset=\"https:\/\/melhorenvio.com.br\/blog\/wp-content\/uploads\/2026\/03\/capa-artigo-me-envia-2026-1-350x250.png 350w, https:\/\/melhorenvio.com.br\/blog\/wp-content\/uploads\/2026\/03\/capa-artigo-me-envia-2026-1-120x86.png 120w, https:\/\/melhorenvio.com.br\/blog\/wp-content\/uploads\/2026\/03\/capa-artigo-me-envia-2026-1-750x536.png 750w, https:\/\/melhorenvio.com.br\/blog\/wp-content\/uploads\/2026\/03\/capa-artigo-me-envia-2026-1-1140x815.png 1140w\" data-sizes=\"auto\" data-expand=\"700\" \/><\/div><\/a>\n                        <div class=\"jeg_post_category\">\n                            <span><a href=\"https:\/\/melhorenvio.com.br\/blog\/sobre-nos\/\" class=\"category-sobre-nos\">Melhor Envio<\/a><\/span>\n                        <\/div>\n                    <\/div>\n                    <div class=\"jeg_postblock_content\">\n                        <h3 class=\"jeg_post_title\">\n                            <a href=\"https:\/\/melhorenvio.com.br\/blog\/sobre-nos\/me-envia-2026\/\">ME Envia 2026: um raio\u2011X do e\u2011commerce brasileiro em 2025<\/a>\n                        <\/h3>\n                        <div class=\"jeg_post_excerpt\">\n                            <p>Baixe o relat\u00f3rio ME Envia 2026, um panorama completo do...<\/p>\n                        <\/div>\n                        <div class=\"jeg_post_meta\"><div class=\"jeg_meta_author\"><span class=\"by\">Por<\/span> <a href=\"\/blog\/author\/thiago-soares\">Thiago<\/a><\/div><div class=\"jeg_meta_date\"><a href=\"https:\/\/melhorenvio.com.br\/blog\/sobre-nos\/me-envia-2026\/\"><i class=\"fa fa-clock-o\"><\/i> mar\u00e7o, 2026<\/a><\/div><\/div>\n                    <\/div>\n                <\/article><article class=\"jeg_post jeg_pl_md_1 format-standard\">\n                    <div class=\"jeg_thumb\">\n                        \n                        <a href=\"https:\/\/melhorenvio.com.br\/blog\/sobre-nos\/melhor-envio-shopify\/\" aria-label=\"Read article: Gadol + Melhor Envio na Shopify: automatize a log\u00edstica de frete da sua loja online\"><div class=\"thumbnail-container animate-lazy  size-715 \"><img loading=\"lazy\" decoding=\"async\" width=\"350\" height=\"250\" src=\"https:\/\/melhorenvio.com.br\/blog\/wp-content\/themes\/jnews\/assets\/img\/jeg-empty.png\" class=\"attachment-jnews-350x250 size-jnews-350x250 lazyload wp-post-image\" alt=\"capa do artigo com os logos do Melhor Envio e Gadol, aplicativos utilizados na integra\u00e7\u00e3o Melhor Envio Shopify\" sizes=\"auto, (max-width: 350px) 100vw, 350px\" data-src=\"https:\/\/melhorenvio.com.br\/blog\/wp-content\/uploads\/2026\/03\/capa-melhor-envio-shopify-350x250.png\" data-srcset=\"https:\/\/melhorenvio.com.br\/blog\/wp-content\/uploads\/2026\/03\/capa-melhor-envio-shopify-350x250.png 350w, https:\/\/melhorenvio.com.br\/blog\/wp-content\/uploads\/2026\/03\/capa-melhor-envio-shopify-120x86.png 120w\" data-sizes=\"auto\" data-expand=\"700\" \/><\/div><\/a>\n                        <div class=\"jeg_post_category\">\n                            <span><a href=\"https:\/\/melhorenvio.com.br\/blog\/sobre-nos\/\" class=\"category-sobre-nos\">Melhor Envio<\/a><\/span>\n                        <\/div>\n                    <\/div>\n                    <div class=\"jeg_postblock_content\">\n                        <h3 class=\"jeg_post_title\">\n                            <a href=\"https:\/\/melhorenvio.com.br\/blog\/sobre-nos\/melhor-envio-shopify\/\">Gadol + Melhor Envio na Shopify: automatize a log\u00edstica de frete da sua loja online<\/a>\n                        <\/h3>\n                        <div class=\"jeg_post_excerpt\">\n                            <p>Veja como usar o Melhor Envio na plataforma Shopify<\/p>\n                        <\/div>\n                        <div class=\"jeg_post_meta\"><div class=\"jeg_meta_author\"><span class=\"by\">Por<\/span> <a href=\"\/blog\/author\/lucimara-leandro\">Lucimara Leandro<\/a><\/div><div class=\"jeg_meta_date\"><a href=\"https:\/\/melhorenvio.com.br\/blog\/sobre-nos\/melhor-envio-shopify\/\"><i class=\"fa fa-clock-o\"><\/i> mar\u00e7o, 2026<\/a><\/div><\/div>\n                    <\/div>\n                <\/article>\n                    <\/div>\n                <\/div>\n                    <div class='module-overlay'>\n\t\t\t\t    <div class='preloader_type preloader_dot'>\n\t\t\t\t        <div class=\"module-preloader jeg_preloader dot\">\n\t\t\t\t            <span><\/span><span><\/span><span><\/span>\n\t\t\t\t        <\/div>\n\t\t\t\t        <div class=\"module-preloader jeg_preloader circle\">\n\t\t\t\t            <div class=\"jnews_preloader_circle_outer\">\n\t\t\t\t                <div class=\"jnews_preloader_circle_inner\"><\/div>\n\t\t\t\t            <\/div>\n\t\t\t\t        <\/div>\n\t\t\t\t        <div class=\"module-preloader jeg_preloader square\">\n\t\t\t\t            <div class=\"jeg_square\">\n\t\t\t\t                <div class=\"jeg_square_inner\"><\/div>\n\t\t\t\t            <\/div>\n\t\t\t\t        <\/div>\n\t\t\t\t    <\/div>\n\t\t\t\t<\/div>\n                <\/div>\n                <div class=\"jeg_block_navigation\">\n                    <div class='navigation_overlay'><div class='module-preloader jeg_preloader'><span><\/span><span><\/span><span><\/span><\/div><\/div>\n                    \n                    \n                <\/div>\n\t\t\t\t\t\n\t\t\t\t\t<script>var jnews_module__0_69f36d3275bda = {\"header_icon\":\"\",\"first_title\":\"Mais recentes\",\"second_title\":\"\",\"url\":\"\",\"header_type\":\"heading_6\",\"header_background\":\"\",\"header_secondary_background\":\"\",\"header_text_color\":\"\",\"header_line_color\":\"\",\"header_accent_color\":\"\",\"header_filter_category\":\"\",\"header_filter_author\":\"\",\"header_filter_tag\":\"\",\"header_filter_text\":\"Tudo\",\"sticky_post\":false,\"sticky_post_filter\":false,\"post_type\":\"post\",\"content_type\":\"all\",\"sponsor\":false,\"number_post\":\"6\",\"post_offset\":\"0\",\"unique_content\":\"disable\",\"include_post\":\"\",\"included_only\":false,\"exclude_post\":\"\",\"include_category\":\"\",\"exclude_category\":\"70\",\"include_author\":\"\",\"include_tag\":\"\",\"exclude_tag\":\"\",\"exclude_visited_post\":false,\"sort_by\":\"latest\",\"date_format\":\"default\",\"date_format_custom\":\"Y\\\/m\\\/d\",\"excerpt_length\":\"10\",\"excerpt_ellipsis\":\"...\",\"force_normal_image_load\":\"\",\"main_custom_image_size\":\"default\",\"pagination_mode\":\"disable\",\"pagination_nextprev_showtext\":\"\",\"pagination_number_post\":4,\"pagination_scroll_limit\":0,\"boxed\":\"\",\"boxed_shadow\":\"\",\"el_id\":\"\",\"el_class\":\"mais-recentes\",\"scheme\":\"\",\"column_width\":\"auto\",\"title_color\":\"\",\"accent_color\":\"\",\"alt_color\":\"\",\"excerpt_color\":\"\",\"css\":\"\",\"compatible_column_notice\":\"\",\"paged\":1,\"column_class\":\"jeg_col_3o3\",\"class\":\"jnews_block_23\"};<\/script>\n\t\t\t\t<\/div>[vc_single_image image=&#8221;59493&#8243; img_size=&#8221;full&#8221; onclick=&#8221;custom_link&#8221; img_link_target=&#8221;_blank&#8221; css=&#8221;&#8221; el_class=&#8221;espaco-banners&#8221; link=&#8221;https:\/\/melhorenvio.com.br\/blog\/planner-2026-para-imprimir-e-digital-pdf-gratis\/&#8221;]<div  class=\"jeg_postblock_23 jeg_postblock jeg_module_hook jeg_pagination_disable jeg_col_3o3 jnews_module__1_69f36d327d14f   mais-recentes\" data-unique=\"jnews_module__1_69f36d327d14f\">\n\t\t\t\t\t<div class=\"jeg_block_heading jeg_block_heading_6 jeg_subcat_right\">\n                     <h3 class=\"jeg_block_title\"><span>Mais lidos<\/span><\/h3>\n                     \n                 <\/div>\n\t\t\t\t\t<div class=\"jeg_block_container\">\n                    \n                    <div class=\"jeg_posts_wrap\">\n                    <div class=\"jeg_posts jeg_load_more_flag\"> \n                        <article class=\"jeg_post jeg_pl_md_1 format-standard\">\n                    <div class=\"jeg_thumb\">\n                        \n                        <a href=\"https:\/\/melhorenvio.com.br\/blog\/empreendedorismo\/melhores-produtos-para-revenda\/\" aria-label=\"Read article: Produtos para revenda: 20 segmentos que t\u00eam \u00f3timo lucro e vendem f\u00e1cil\"><div class=\"thumbnail-container animate-lazy  size-715 \"><img loading=\"lazy\" decoding=\"async\" width=\"350\" height=\"250\" src=\"https:\/\/melhorenvio.com.br\/blog\/wp-content\/themes\/jnews\/assets\/img\/jeg-empty.png\" class=\"attachment-jnews-350x250 size-jnews-350x250 lazyload wp-post-image\" alt=\"Mulher em ateli\u00ea preenchendo informa\u00e7\u00f5es em caixa de papel\u00e3o\" sizes=\"auto, (max-width: 350px) 100vw, 350px\" data-src=\"https:\/\/melhorenvio.com.br\/blog\/wp-content\/uploads\/2024\/01\/revenda-de-produtos-blog-melhor-envio-destacada-350x250.webp\" data-srcset=\"https:\/\/melhorenvio.com.br\/blog\/wp-content\/uploads\/2024\/01\/revenda-de-produtos-blog-melhor-envio-destacada-350x250.webp 350w, https:\/\/melhorenvio.com.br\/blog\/wp-content\/uploads\/2024\/01\/revenda-de-produtos-blog-melhor-envio-destacada-120x86.webp 120w, https:\/\/melhorenvio.com.br\/blog\/wp-content\/uploads\/2024\/01\/revenda-de-produtos-blog-melhor-envio-destacada-750x536.webp 750w, https:\/\/melhorenvio.com.br\/blog\/wp-content\/uploads\/2024\/01\/revenda-de-produtos-blog-melhor-envio-destacada-1140x815.webp 1140w\" data-sizes=\"auto\" data-expand=\"700\" \/><\/div><\/a>\n                        <div class=\"jeg_post_category\">\n                            <span><a href=\"https:\/\/melhorenvio.com.br\/blog\/empreendedorismo\/\" class=\"category-empreendedorismo\">Empreendedorismo e Gest\u00e3o<\/a><\/span>\n                        <\/div>\n                    <\/div>\n                    <div class=\"jeg_postblock_content\">\n                        <h3 class=\"jeg_post_title\">\n                            <a href=\"https:\/\/melhorenvio.com.br\/blog\/empreendedorismo\/melhores-produtos-para-revenda\/\">Produtos para revenda: 20 segmentos que t\u00eam \u00f3timo lucro e vendem f\u00e1cil<\/a>\n                        <\/h3>\n                        <div class=\"jeg_post_excerpt\">\n                            <p>Confira os 20 melhores produtos para revenda em 2026.<\/p>\n                        <\/div>\n                        <div class=\"jeg_post_meta\"><div class=\"jeg_meta_author\"><span class=\"by\">Por<\/span> <a href=\"\/blog\/author\/thiago-soares\">Thiago<\/a><\/div><div class=\"jeg_meta_date\"><a href=\"https:\/\/melhorenvio.com.br\/blog\/empreendedorismo\/melhores-produtos-para-revenda\/\"><i class=\"fa fa-clock-o\"><\/i> mar\u00e7o, 2026<\/a><\/div><\/div>\n                    <\/div>\n                <\/article><article class=\"jeg_post jeg_pl_md_1 format-standard\">\n                    <div class=\"jeg_thumb\">\n                        \n                        <a href=\"https:\/\/melhorenvio.com.br\/blog\/marketing-digital\/como-colocar-link-do-whatsapp-no-instagram-bio-e-stories\/\" aria-label=\"Read article: Como colocar link do WhatsApp no Instagram\"><div class=\"thumbnail-container animate-lazy  size-715 \"><img loading=\"lazy\" decoding=\"async\" width=\"350\" height=\"250\" src=\"https:\/\/melhorenvio.com.br\/blog\/wp-content\/themes\/jnews\/assets\/img\/jeg-empty.png\" class=\"attachment-jnews-350x250 size-jnews-350x250 lazyload wp-post-image\" alt=\"mulher mexendo no celular\" sizes=\"auto, (max-width: 350px) 100vw, 350px\" data-src=\"https:\/\/melhorenvio.com.br\/blog\/wp-content\/uploads\/2022\/11\/como-colocar-link-do-WhatsApp-no-Instagram-destacada-350x250.png\" data-srcset=\"https:\/\/melhorenvio.com.br\/blog\/wp-content\/uploads\/2022\/11\/como-colocar-link-do-WhatsApp-no-Instagram-destacada-350x250.png 350w, https:\/\/melhorenvio.com.br\/blog\/wp-content\/uploads\/2022\/11\/como-colocar-link-do-WhatsApp-no-Instagram-destacada-120x86.png 120w, https:\/\/melhorenvio.com.br\/blog\/wp-content\/uploads\/2022\/11\/como-colocar-link-do-WhatsApp-no-Instagram-destacada-750x536.png 750w, https:\/\/melhorenvio.com.br\/blog\/wp-content\/uploads\/2022\/11\/como-colocar-link-do-WhatsApp-no-Instagram-destacada-1140x815.png 1140w\" data-sizes=\"auto\" data-expand=\"700\" \/><\/div><\/a>\n                        <div class=\"jeg_post_category\">\n                            <span><a href=\"https:\/\/melhorenvio.com.br\/blog\/marketing-digital\/\" class=\"category-marketing-digital\">Marketing Digital<\/a><\/span>\n                        <\/div>\n                    <\/div>\n                    <div class=\"jeg_postblock_content\">\n                        <h3 class=\"jeg_post_title\">\n                            <a href=\"https:\/\/melhorenvio.com.br\/blog\/marketing-digital\/como-colocar-link-do-whatsapp-no-instagram-bio-e-stories\/\">Como colocar link do WhatsApp no Instagram<\/a>\n                        <\/h3>\n                        <div class=\"jeg_post_excerpt\">\n                            <p>Procurando formas de como colocar link do WhatsApp na bio...<\/p>\n                        <\/div>\n                        <div class=\"jeg_post_meta\"><div class=\"jeg_meta_author\"><span class=\"by\">Por<\/span> <a href=\"\/blog\/author\/camilamelo\">Camila Melo<\/a><\/div><div class=\"jeg_meta_date\"><a href=\"https:\/\/melhorenvio.com.br\/blog\/marketing-digital\/como-colocar-link-do-whatsapp-no-instagram-bio-e-stories\/\"><i class=\"fa fa-clock-o\"><\/i> novembro, 2022<\/a><\/div><\/div>\n                    <\/div>\n                <\/article><article class=\"jeg_post jeg_pl_md_1 format-standard\">\n                    <div class=\"jeg_thumb\">\n                        \n                        <a href=\"https:\/\/melhorenvio.com.br\/blog\/frete-e-logistica\/transporte-e-armazenamento-de-alimentos-pereciveis-e-nao-pereciveis\/\" aria-label=\"Read article: Alimentos n\u00e3o perec\u00edveis e perec\u00edveis: o que s\u00e3o e como transportar\"><div class=\"thumbnail-container animate-lazy  size-715 \"><img loading=\"lazy\" decoding=\"async\" width=\"350\" height=\"250\" src=\"https:\/\/melhorenvio.com.br\/blog\/wp-content\/themes\/jnews\/assets\/img\/jeg-empty.png\" class=\"attachment-jnews-350x250 size-jnews-350x250 lazyload wp-post-image\" alt=\"mulher segurando pote de vidro em prateleira de alimentos\" sizes=\"auto, (max-width: 350px) 100vw, 350px\" data-src=\"https:\/\/melhorenvio.com.br\/blog\/wp-content\/uploads\/2022\/12\/BLOG_imagem_capa_artigo-2024-1-1-350x250.jpg\" data-srcset=\"https:\/\/melhorenvio.com.br\/blog\/wp-content\/uploads\/2022\/12\/BLOG_imagem_capa_artigo-2024-1-1-350x250.jpg 350w, https:\/\/melhorenvio.com.br\/blog\/wp-content\/uploads\/2022\/12\/BLOG_imagem_capa_artigo-2024-1-1-120x86.jpg 120w, https:\/\/melhorenvio.com.br\/blog\/wp-content\/uploads\/2022\/12\/BLOG_imagem_capa_artigo-2024-1-1-750x536.jpg 750w, https:\/\/melhorenvio.com.br\/blog\/wp-content\/uploads\/2022\/12\/BLOG_imagem_capa_artigo-2024-1-1-1140x815.jpg 1140w\" data-sizes=\"auto\" data-expand=\"700\" \/><\/div><\/a>\n                        <div class=\"jeg_post_category\">\n                            <span><a href=\"https:\/\/melhorenvio.com.br\/blog\/frete-e-logistica\/\" class=\"category-frete-e-logistica\">Frete e Log\u00edstica<\/a><\/span>\n                        <\/div>\n                    <\/div>\n                    <div class=\"jeg_postblock_content\">\n                        <h3 class=\"jeg_post_title\">\n                            <a href=\"https:\/\/melhorenvio.com.br\/blog\/frete-e-logistica\/transporte-e-armazenamento-de-alimentos-pereciveis-e-nao-pereciveis\/\">Alimentos n\u00e3o perec\u00edveis e perec\u00edveis: o que s\u00e3o e como transportar<\/a>\n                        <\/h3>\n                        <div class=\"jeg_post_excerpt\">\n                            <p>6 dicas para o transporte e armazenamento de alimentos perec\u00edveis.<\/p>\n                        <\/div>\n                        <div class=\"jeg_post_meta\"><div class=\"jeg_meta_author\"><span class=\"by\">Por<\/span> <a href=\"\/blog\/author\/camilamelo\">Camila Melo<\/a><\/div><div class=\"jeg_meta_date\"><a href=\"https:\/\/melhorenvio.com.br\/blog\/frete-e-logistica\/transporte-e-armazenamento-de-alimentos-pereciveis-e-nao-pereciveis\/\"><i class=\"fa fa-clock-o\"><\/i> janeiro, 2024<\/a><\/div><\/div>\n                    <\/div>\n                <\/article><article class=\"jeg_post jeg_pl_md_1 format-standard\">\n                    <div class=\"jeg_thumb\">\n                        \n                        <a href=\"https:\/\/melhorenvio.com.br\/blog\/empreendedorismo\/ideias-de-negocios-em-alta-e-lucrativos\/\" aria-label=\"Read article: Neg\u00f3cios em Alta em 2026: principais tend\u00eancias e oportunidades de empreendimento\"><div class=\"thumbnail-container animate-lazy  size-715 \"><img loading=\"lazy\" decoding=\"async\" width=\"350\" height=\"250\" src=\"https:\/\/melhorenvio.com.br\/blog\/wp-content\/themes\/jnews\/assets\/img\/jeg-empty.png\" class=\"attachment-jnews-350x250 size-jnews-350x250 lazyload wp-post-image\" alt=\"neg\u00f3cios-lucrativos\" sizes=\"auto, (max-width: 350px) 100vw, 350px\" data-src=\"https:\/\/melhorenvio.com.br\/blog\/wp-content\/uploads\/2023\/01\/negocios-lucrativos-destacada-350x250.png\" data-srcset=\"https:\/\/melhorenvio.com.br\/blog\/wp-content\/uploads\/2023\/01\/negocios-lucrativos-destacada-350x250.png 350w, https:\/\/melhorenvio.com.br\/blog\/wp-content\/uploads\/2023\/01\/negocios-lucrativos-destacada-120x86.png 120w, https:\/\/melhorenvio.com.br\/blog\/wp-content\/uploads\/2023\/01\/negocios-lucrativos-destacada-750x536.png 750w, https:\/\/melhorenvio.com.br\/blog\/wp-content\/uploads\/2023\/01\/negocios-lucrativos-destacada-1140x815.png 1140w\" data-sizes=\"auto\" data-expand=\"700\" \/><\/div><\/a>\n                        <div class=\"jeg_post_category\">\n                            <span><a href=\"https:\/\/melhorenvio.com.br\/blog\/empreendedorismo\/\" class=\"category-empreendedorismo\">Empreendedorismo e Gest\u00e3o<\/a><\/span>\n                        <\/div>\n                    <\/div>\n                    <div class=\"jeg_postblock_content\">\n                        <h3 class=\"jeg_post_title\">\n                            <a href=\"https:\/\/melhorenvio.com.br\/blog\/empreendedorismo\/ideias-de-negocios-em-alta-e-lucrativos\/\">Neg\u00f3cios em Alta em 2026: principais tend\u00eancias e oportunidades de empreendimento<\/a>\n                        <\/h3>\n                        <div class=\"jeg_post_excerpt\">\n                            <p>Neg\u00f3cios em alta incluem o com\u00e9rcio eletr\u00f3nico (e-commerce), o mercado...<\/p>\n                        <\/div>\n                        <div class=\"jeg_post_meta\"><div class=\"jeg_meta_author\"><span class=\"by\">Por<\/span> <a href=\"\/blog\/author\/giullio-marquetti\">Giullio<\/a><\/div><div class=\"jeg_meta_date\"><a href=\"https:\/\/melhorenvio.com.br\/blog\/empreendedorismo\/ideias-de-negocios-em-alta-e-lucrativos\/\"><i class=\"fa fa-clock-o\"><\/i> setembro, 2025<\/a><\/div><\/div>\n                    <\/div>\n                <\/article><article class=\"jeg_post jeg_pl_md_1 format-standard\">\n                    <div class=\"jeg_thumb\">\n                        \n                        <a href=\"https:\/\/melhorenvio.com.br\/blog\/frete-e-logistica\/objeto-nao-entregue-carteiro-nao-atendido\/\" aria-label=\"Read article: Carteiro n\u00e3o atendido: quantas tentativas de entrega os Correios fazem?\"><div class=\"thumbnail-container animate-lazy  size-715 \"><img loading=\"lazy\" decoding=\"async\" width=\"350\" height=\"250\" src=\"https:\/\/melhorenvio.com.br\/blog\/wp-content\/themes\/jnews\/assets\/img\/jeg-empty.png\" class=\"attachment-jnews-350x250 size-jnews-350x250 lazyload wp-post-image\" alt=\"Carteiro n\u00e3o atendido: quantas tentativas de entrega os Correios fazem?\" sizes=\"auto, (max-width: 350px) 100vw, 350px\" data-src=\"https:\/\/melhorenvio.com.br\/blog\/wp-content\/uploads\/2022\/12\/BLOG_imagem_destacada_15-12-2022-1-350x250.png\" data-srcset=\"https:\/\/melhorenvio.com.br\/blog\/wp-content\/uploads\/2022\/12\/BLOG_imagem_destacada_15-12-2022-1-350x250.png 350w, https:\/\/melhorenvio.com.br\/blog\/wp-content\/uploads\/2022\/12\/BLOG_imagem_destacada_15-12-2022-1-120x86.png 120w, https:\/\/melhorenvio.com.br\/blog\/wp-content\/uploads\/2022\/12\/BLOG_imagem_destacada_15-12-2022-1-750x536.png 750w, https:\/\/melhorenvio.com.br\/blog\/wp-content\/uploads\/2022\/12\/BLOG_imagem_destacada_15-12-2022-1-1140x815.png 1140w\" data-sizes=\"auto\" data-expand=\"700\" \/><\/div><\/a>\n                        <div class=\"jeg_post_category\">\n                            <span><a href=\"https:\/\/melhorenvio.com.br\/blog\/frete-e-logistica\/\" class=\"category-frete-e-logistica\">Frete e Log\u00edstica<\/a><\/span>\n                        <\/div>\n                    <\/div>\n                    <div class=\"jeg_postblock_content\">\n                        <h3 class=\"jeg_post_title\">\n                            <a href=\"https:\/\/melhorenvio.com.br\/blog\/frete-e-logistica\/objeto-nao-entregue-carteiro-nao-atendido\/\">Carteiro n\u00e3o atendido: quantas tentativas de entrega os Correios fazem?<\/a>\n                        <\/h3>\n                        <div class=\"jeg_post_excerpt\">\n                            <p>Voc\u00ea sabe o que fazer quando a mensagem carteiro n\u00e3o...<\/p>\n                        <\/div>\n                        <div class=\"jeg_post_meta\"><div class=\"jeg_meta_author\"><span class=\"by\">Por<\/span> <a href=\"\/blog\/author\/lucimara-leandro\">Lucimara Leandro<\/a><\/div><div class=\"jeg_meta_date\"><a href=\"https:\/\/melhorenvio.com.br\/blog\/frete-e-logistica\/objeto-nao-entregue-carteiro-nao-atendido\/\"><i class=\"fa fa-clock-o\"><\/i> setembro, 2024<\/a><\/div><\/div>\n                    <\/div>\n                <\/article><article class=\"jeg_post jeg_pl_md_1 format-standard\">\n                    <div class=\"jeg_thumb\">\n                        \n                        <a href=\"https:\/\/melhorenvio.com.br\/blog\/frete-e-logistica\/horario-de-funcionamento-dos-correios\/\" aria-label=\"Read article: Qual o hor\u00e1rio de funcionamento dos Correios?\"><div class=\"thumbnail-container animate-lazy  size-715 \"><img loading=\"lazy\" decoding=\"async\" width=\"350\" height=\"250\" src=\"https:\/\/melhorenvio.com.br\/blog\/wp-content\/themes\/jnews\/assets\/img\/jeg-empty.png\" class=\"attachment-jnews-350x250 size-jnews-350x250 lazyload wp-post-image\" alt=\"ag\u00eancia dos correios com clientes aguardando atendimento\" sizes=\"auto, (max-width: 350px) 100vw, 350px\" data-src=\"https:\/\/melhorenvio.com.br\/blog\/wp-content\/uploads\/2022\/05\/horario-de-funcionamento-dos-correios-destacada-350x250.png\" data-srcset=\"https:\/\/melhorenvio.com.br\/blog\/wp-content\/uploads\/2022\/05\/horario-de-funcionamento-dos-correios-destacada-350x250.png 350w, https:\/\/melhorenvio.com.br\/blog\/wp-content\/uploads\/2022\/05\/horario-de-funcionamento-dos-correios-destacada-120x86.png 120w, https:\/\/melhorenvio.com.br\/blog\/wp-content\/uploads\/2022\/05\/horario-de-funcionamento-dos-correios-destacada-750x536.png 750w\" data-sizes=\"auto\" data-expand=\"700\" \/><\/div><\/a>\n                        <div class=\"jeg_post_category\">\n                            <span><a href=\"https:\/\/melhorenvio.com.br\/blog\/frete-e-logistica\/\" class=\"category-frete-e-logistica\">Frete e Log\u00edstica<\/a><\/span>\n                        <\/div>\n                    <\/div>\n                    <div class=\"jeg_postblock_content\">\n                        <h3 class=\"jeg_post_title\">\n                            <a href=\"https:\/\/melhorenvio.com.br\/blog\/frete-e-logistica\/horario-de-funcionamento-dos-correios\/\">Qual o hor\u00e1rio de funcionamento dos Correios?<\/a>\n                        <\/h3>\n                        <div class=\"jeg_post_excerpt\">\n                            <p>Precisa descobrir o hor\u00e1rio de funcionamento dos Correios na sua...<\/p>\n                        <\/div>\n                        <div class=\"jeg_post_meta\"><div class=\"jeg_meta_author\"><span class=\"by\">Por<\/span> <a href=\"\/blog\/author\/lucimara-leandro\">Lucimara Leandro<\/a><\/div><div class=\"jeg_meta_date\"><a href=\"https:\/\/melhorenvio.com.br\/blog\/frete-e-logistica\/horario-de-funcionamento-dos-correios\/\"><i class=\"fa fa-clock-o\"><\/i> setembro, 2024<\/a><\/div><\/div>\n                    <\/div>\n                <\/article>\n                    <\/div>\n                <\/div>\n                    <div class='module-overlay'>\n\t\t\t\t    <div class='preloader_type preloader_dot'>\n\t\t\t\t        <div class=\"module-preloader jeg_preloader dot\">\n\t\t\t\t            <span><\/span><span><\/span><span><\/span>\n\t\t\t\t        <\/div>\n\t\t\t\t        <div class=\"module-preloader jeg_preloader circle\">\n\t\t\t\t            <div class=\"jnews_preloader_circle_outer\">\n\t\t\t\t                <div class=\"jnews_preloader_circle_inner\"><\/div>\n\t\t\t\t            <\/div>\n\t\t\t\t        <\/div>\n\t\t\t\t        <div class=\"module-preloader jeg_preloader square\">\n\t\t\t\t            <div class=\"jeg_square\">\n\t\t\t\t                <div class=\"jeg_square_inner\"><\/div>\n\t\t\t\t            <\/div>\n\t\t\t\t        <\/div>\n\t\t\t\t    <\/div>\n\t\t\t\t<\/div>\n                <\/div>\n                <div class=\"jeg_block_navigation\">\n                    <div class='navigation_overlay'><div class='module-preloader jeg_preloader'><span><\/span><span><\/span><span><\/span><\/div><\/div>\n                    \n                    \n                <\/div>\n\t\t\t\t\t\n\t\t\t\t\t<script>var jnews_module__1_69f36d327d14f = {\"header_icon\":\"\",\"first_title\":\"Mais lidos\",\"second_title\":\"\",\"url\":\"\",\"header_type\":\"heading_6\",\"header_background\":\"\",\"header_secondary_background\":\"\",\"header_text_color\":\"\",\"header_line_color\":\"\",\"header_accent_color\":\"\",\"header_filter_category\":\"\",\"header_filter_author\":\"\",\"header_filter_tag\":\"\",\"header_filter_text\":\"Tudo\",\"sticky_post\":false,\"sticky_post_filter\":false,\"post_type\":\"post\",\"content_type\":\"post\",\"sponsor\":\"\",\"number_post\":\"6\",\"post_offset\":\"0\",\"unique_content\":\"disable\",\"include_post\":\"44055,41581,43646,43328,43088,43753\",\"included_only\":\"true\",\"exclude_post\":\"\",\"include_category\":\"\",\"exclude_category\":\"\",\"include_author\":\"\",\"include_tag\":\"\",\"exclude_tag\":\"\",\"exclude_visited_post\":false,\"sort_by\":\"random\",\"date_format\":\"default\",\"date_format_custom\":\"Y\\\/m\\\/d\",\"excerpt_length\":\"10\",\"excerpt_ellipsis\":\"...\",\"force_normal_image_load\":\"\",\"main_custom_image_size\":\"default\",\"pagination_mode\":\"disable\",\"pagination_nextprev_showtext\":\"\",\"pagination_number_post\":4,\"pagination_scroll_limit\":0,\"boxed\":\"\",\"boxed_shadow\":\"\",\"el_id\":\"\",\"el_class\":\"mais-recentes\",\"scheme\":\"\",\"column_width\":\"auto\",\"title_color\":\"\",\"accent_color\":\"\",\"alt_color\":\"\",\"excerpt_color\":\"\",\"css\":\"\",\"compatible_column_notice\":\"\",\"paged\":1,\"column_class\":\"jeg_col_3o3\",\"class\":\"jnews_block_23\"};<\/script>\n\t\t\t\t<\/div><div  class=\"jeg_postblock_23 jeg_postblock jeg_module_hook jeg_pagination_disable jeg_col_3o3 jnews_module__2_69f36d32828c9   mais-recentes\" data-unique=\"jnews_module__2_69f36d32828c9\">\n\t\t\t\t\t<div class=\"jeg_block_heading jeg_block_heading_6 jeg_subcat_right\">\n                     <h3 class=\"jeg_block_title\"><span>Tudo sobre frete<\/span><\/h3>\n                     \n                 <\/div>\n\t\t\t\t\t<div class=\"jeg_block_container\">\n                    \n                    <div class=\"jeg_posts_wrap\">\n                    <div class=\"jeg_posts jeg_load_more_flag\"> \n                        <article class=\"jeg_post jeg_pl_md_1 format-standard\">\n                    <div class=\"jeg_thumb\">\n                        \n                        <a href=\"https:\/\/melhorenvio.com.br\/blog\/frete-e-logistica\/objeto-postado-apos-o-horario-limite-da-unidade\/\" aria-label=\"Read article: Objeto postado ap\u00f3s o hor\u00e1rio limite da unidade: significado e d\u00favidas frequentes\"><div class=\"thumbnail-container animate-lazy  size-715 \"><img loading=\"lazy\" decoding=\"async\" width=\"350\" height=\"250\" src=\"https:\/\/melhorenvio.com.br\/blog\/wp-content\/themes\/jnews\/assets\/img\/jeg-empty.png\" class=\"attachment-jnews-350x250 size-jnews-350x250 lazyload wp-post-image\" alt=\"objeto-postado apos-o-horario-limite-da-unidade\" sizes=\"auto, (max-width: 350px) 100vw, 350px\" data-src=\"https:\/\/melhorenvio.com.br\/blog\/wp-content\/uploads\/2023\/02\/objeto-postado-apos-o-horario-limite-da-unidade-350x250.png\" data-srcset=\"https:\/\/melhorenvio.com.br\/blog\/wp-content\/uploads\/2023\/02\/objeto-postado-apos-o-horario-limite-da-unidade-350x250.png 350w, https:\/\/melhorenvio.com.br\/blog\/wp-content\/uploads\/2023\/02\/objeto-postado-apos-o-horario-limite-da-unidade-120x86.png 120w, https:\/\/melhorenvio.com.br\/blog\/wp-content\/uploads\/2023\/02\/objeto-postado-apos-o-horario-limite-da-unidade-750x536.png 750w\" data-sizes=\"auto\" data-expand=\"700\" \/><\/div><\/a>\n                        <div class=\"jeg_post_category\">\n                            <span><a href=\"https:\/\/melhorenvio.com.br\/blog\/frete-e-logistica\/\" class=\"category-frete-e-logistica\">Frete e Log\u00edstica<\/a><\/span>\n                        <\/div>\n                    <\/div>\n                    <div class=\"jeg_postblock_content\">\n                        <h3 class=\"jeg_post_title\">\n                            <a href=\"https:\/\/melhorenvio.com.br\/blog\/frete-e-logistica\/objeto-postado-apos-o-horario-limite-da-unidade\/\">Objeto postado ap\u00f3s o hor\u00e1rio limite da unidade: significado e d\u00favidas frequentes<\/a>\n                        <\/h3>\n                        <div class=\"jeg_post_excerpt\">\n                            <p>O status \u201cobjeto postado ap\u00f3s o hor\u00e1rio limite da unidade\u201d...<\/p>\n                        <\/div>\n                        <div class=\"jeg_post_meta\"><div class=\"jeg_meta_author\"><span class=\"by\">Por<\/span> <a href=\"\/blog\/author\/lucimara-leandro\">Lucimara Leandro<\/a><\/div><div class=\"jeg_meta_date\"><a href=\"https:\/\/melhorenvio.com.br\/blog\/frete-e-logistica\/objeto-postado-apos-o-horario-limite-da-unidade\/\"><i class=\"fa fa-clock-o\"><\/i> fevereiro, 2023<\/a><\/div><\/div>\n                    <\/div>\n                <\/article><article class=\"jeg_post jeg_pl_md_1 format-standard\">\n                    <div class=\"jeg_thumb\">\n                        \n                        <a href=\"https:\/\/melhorenvio.com.br\/blog\/frete-e-logistica\/o-que-significa-pedido-em-rota-de-entrega\/\" aria-label=\"Read article: O que significa pedido em rota de entrega no status de rastreio? D\u00favidas frequentes\"><div class=\"thumbnail-container animate-lazy  size-715 \"><img loading=\"lazy\" decoding=\"async\" width=\"350\" height=\"250\" src=\"https:\/\/melhorenvio.com.br\/blog\/wp-content\/themes\/jnews\/assets\/img\/jeg-empty.png\" class=\"attachment-jnews-350x250 size-jnews-350x250 lazyload wp-post-image\" alt=\"Pedido em Rota de Entrega - Melhor Envio\" sizes=\"auto, (max-width: 350px) 100vw, 350px\" data-src=\"https:\/\/melhorenvio.com.br\/blog\/wp-content\/uploads\/2023\/03\/melhor-envio-pedido-em-rota-de-entrega-350x250.webp\" data-srcset=\"https:\/\/melhorenvio.com.br\/blog\/wp-content\/uploads\/2023\/03\/melhor-envio-pedido-em-rota-de-entrega-350x250.webp 350w, https:\/\/melhorenvio.com.br\/blog\/wp-content\/uploads\/2023\/03\/melhor-envio-pedido-em-rota-de-entrega-120x86.webp 120w, https:\/\/melhorenvio.com.br\/blog\/wp-content\/uploads\/2023\/03\/melhor-envio-pedido-em-rota-de-entrega-750x536.webp 750w, https:\/\/melhorenvio.com.br\/blog\/wp-content\/uploads\/2023\/03\/melhor-envio-pedido-em-rota-de-entrega-1140x815.webp 1140w\" data-sizes=\"auto\" data-expand=\"700\" \/><\/div><\/a>\n                        <div class=\"jeg_post_category\">\n                            <span><a href=\"https:\/\/melhorenvio.com.br\/blog\/frete-e-logistica\/\" class=\"category-frete-e-logistica\">Frete e Log\u00edstica<\/a><\/span>\n                        <\/div>\n                    <\/div>\n                    <div class=\"jeg_postblock_content\">\n                        <h3 class=\"jeg_post_title\">\n                            <a href=\"https:\/\/melhorenvio.com.br\/blog\/frete-e-logistica\/o-que-significa-pedido-em-rota-de-entrega\/\">O que significa pedido em rota de entrega no status de rastreio? D\u00favidas frequentes<\/a>\n                        <\/h3>\n                        <div class=\"jeg_post_excerpt\">\n                            <p>O que significa produto em rota de entrega e como...<\/p>\n                        <\/div>\n                        <div class=\"jeg_post_meta\"><div class=\"jeg_meta_author\"><span class=\"by\">Por<\/span> <a href=\"\/blog\/author\/camilamelo\">Camila Melo<\/a><\/div><div class=\"jeg_meta_date\"><a href=\"https:\/\/melhorenvio.com.br\/blog\/frete-e-logistica\/o-que-significa-pedido-em-rota-de-entrega\/\"><i class=\"fa fa-clock-o\"><\/i> setembro, 2024<\/a><\/div><\/div>\n                    <\/div>\n                <\/article><article class=\"jeg_post jeg_pl_md_1 format-standard\">\n                    <div class=\"jeg_thumb\">\n                        \n                        <a href=\"https:\/\/melhorenvio.com.br\/blog\/frete-e-logistica\/objeto-saiu-para-entrega-ao-destinatario\/\" aria-label=\"Read article: Objeto saiu para entrega ao destinat\u00e1rio: significado, quanto tempo demora e mais\"><div class=\"thumbnail-container animate-lazy  size-715 \"><img loading=\"lazy\" decoding=\"async\" width=\"350\" height=\"250\" src=\"https:\/\/melhorenvio.com.br\/blog\/wp-content\/themes\/jnews\/assets\/img\/jeg-empty.png\" class=\"attachment-jnews-350x250 size-jnews-350x250 lazyload wp-post-image\" alt=\"Objeto saiu para entrega ao destinat\u00e1rio: significado, quanto tempo demora e mais\" sizes=\"auto, (max-width: 350px) 100vw, 350px\" data-src=\"https:\/\/melhorenvio.com.br\/blog\/wp-content\/uploads\/2023\/02\/objeto-saiu-para-entrega-ao-destinatario-quanto-tempo-demora-350x250.png\" data-srcset=\"https:\/\/melhorenvio.com.br\/blog\/wp-content\/uploads\/2023\/02\/objeto-saiu-para-entrega-ao-destinatario-quanto-tempo-demora-350x250.png 350w, https:\/\/melhorenvio.com.br\/blog\/wp-content\/uploads\/2023\/02\/objeto-saiu-para-entrega-ao-destinatario-quanto-tempo-demora-120x86.png 120w, https:\/\/melhorenvio.com.br\/blog\/wp-content\/uploads\/2023\/02\/objeto-saiu-para-entrega-ao-destinatario-quanto-tempo-demora-750x536.png 750w, https:\/\/melhorenvio.com.br\/blog\/wp-content\/uploads\/2023\/02\/objeto-saiu-para-entrega-ao-destinatario-quanto-tempo-demora-1140x815.png 1140w\" data-sizes=\"auto\" data-expand=\"700\" \/><\/div><\/a>\n                        <div class=\"jeg_post_category\">\n                            <span><a href=\"https:\/\/melhorenvio.com.br\/blog\/frete-e-logistica\/\" class=\"category-frete-e-logistica\">Frete e Log\u00edstica<\/a><\/span>\n                        <\/div>\n                    <\/div>\n                    <div class=\"jeg_postblock_content\">\n                        <h3 class=\"jeg_post_title\">\n                            <a href=\"https:\/\/melhorenvio.com.br\/blog\/frete-e-logistica\/objeto-saiu-para-entrega-ao-destinatario\/\">Objeto saiu para entrega ao destinat\u00e1rio: significado, quanto tempo demora e mais<\/a>\n                        <\/h3>\n                        <div class=\"jeg_post_excerpt\">\n                            <p>Voc\u00ea sabe o que significa \u201cobjeto saiu para entrega ao...<\/p>\n                        <\/div>\n                        <div class=\"jeg_post_meta\"><div class=\"jeg_meta_author\"><span class=\"by\">Por<\/span> <a href=\"\/blog\/author\/lucimara-leandro\">Lucimara Leandro<\/a><\/div><div class=\"jeg_meta_date\"><a href=\"https:\/\/melhorenvio.com.br\/blog\/frete-e-logistica\/objeto-saiu-para-entrega-ao-destinatario\/\"><i class=\"fa fa-clock-o\"><\/i> setembro, 2024<\/a><\/div><\/div>\n                    <\/div>\n                <\/article><article class=\"jeg_post jeg_pl_md_1 format-standard\">\n                    <div class=\"jeg_thumb\">\n                        \n                        <a href=\"https:\/\/melhorenvio.com.br\/blog\/frete-e-logistica\/tipos-de-frete-calculadora-melhor-envio\/\" aria-label=\"Read article: Conhe\u00e7a os tipos de frete e escolha o melhor para seu neg\u00f3cio\"><div class=\"thumbnail-container animate-lazy  size-715 \"><img loading=\"lazy\" decoding=\"async\" width=\"350\" height=\"250\" src=\"https:\/\/melhorenvio.com.br\/blog\/wp-content\/themes\/jnews\/assets\/img\/jeg-empty.png\" class=\"attachment-jnews-350x250 size-jnews-350x250 lazyload wp-post-image\" alt=\"Conhe\u00e7a os tipos de frete e escolha o melhor para seu neg\u00f3cio\" sizes=\"auto, (max-width: 350px) 100vw, 350px\" data-src=\"https:\/\/melhorenvio.com.br\/blog\/wp-content\/uploads\/2021\/09\/tipos-de-frete-350x250.png\" data-srcset=\"https:\/\/melhorenvio.com.br\/blog\/wp-content\/uploads\/2021\/09\/tipos-de-frete-350x250.png 350w, https:\/\/melhorenvio.com.br\/blog\/wp-content\/uploads\/2021\/09\/tipos-de-frete-120x86.png 120w, https:\/\/melhorenvio.com.br\/blog\/wp-content\/uploads\/2021\/09\/tipos-de-frete-750x536.png 750w, https:\/\/melhorenvio.com.br\/blog\/wp-content\/uploads\/2021\/09\/tipos-de-frete-1140x815.png 1140w\" data-sizes=\"auto\" data-expand=\"700\" \/><\/div><\/a>\n                        <div class=\"jeg_post_category\">\n                            <span><a href=\"https:\/\/melhorenvio.com.br\/blog\/frete-e-logistica\/\" class=\"category-frete-e-logistica\">Frete e Log\u00edstica<\/a><\/span>\n                        <\/div>\n                    <\/div>\n                    <div class=\"jeg_postblock_content\">\n                        <h3 class=\"jeg_post_title\">\n                            <a href=\"https:\/\/melhorenvio.com.br\/blog\/frete-e-logistica\/tipos-de-frete-calculadora-melhor-envio\/\">Conhe\u00e7a os tipos de frete e escolha o melhor para seu neg\u00f3cio<\/a>\n                        <\/h3>\n                        <div class=\"jeg_post_excerpt\">\n                            <p>Conhecer os tipos de frete para e-commerce e as particularidades...<\/p>\n                        <\/div>\n                        <div class=\"jeg_post_meta\"><div class=\"jeg_meta_author\"><span class=\"by\">Por<\/span> <a href=\"\/blog\/author\/paulo-henrique\">Paulo Henrique<\/a><\/div><div class=\"jeg_meta_date\"><a href=\"https:\/\/melhorenvio.com.br\/blog\/frete-e-logistica\/tipos-de-frete-calculadora-melhor-envio\/\"><i class=\"fa fa-clock-o\"><\/i> janeiro, 2023<\/a><\/div><\/div>\n                    <\/div>\n                <\/article>\n                    <\/div>\n                <\/div>\n                    <div class='module-overlay'>\n\t\t\t\t    <div class='preloader_type preloader_dot'>\n\t\t\t\t        <div class=\"module-preloader jeg_preloader dot\">\n\t\t\t\t            <span><\/span><span><\/span><span><\/span>\n\t\t\t\t        <\/div>\n\t\t\t\t        <div class=\"module-preloader jeg_preloader circle\">\n\t\t\t\t            <div class=\"jnews_preloader_circle_outer\">\n\t\t\t\t                <div class=\"jnews_preloader_circle_inner\"><\/div>\n\t\t\t\t            <\/div>\n\t\t\t\t        <\/div>\n\t\t\t\t        <div class=\"module-preloader jeg_preloader square\">\n\t\t\t\t            <div class=\"jeg_square\">\n\t\t\t\t                <div class=\"jeg_square_inner\"><\/div>\n\t\t\t\t            <\/div>\n\t\t\t\t        <\/div>\n\t\t\t\t    <\/div>\n\t\t\t\t<\/div>\n                <\/div>\n                <div class=\"jeg_block_navigation\">\n                    <div class='navigation_overlay'><div class='module-preloader jeg_preloader'><span><\/span><span><\/span><span><\/span><\/div><\/div>\n                    \n                    \n                <\/div>\n\t\t\t\t\t\n\t\t\t\t\t<script>var jnews_module__2_69f36d32828c9 = {\"header_icon\":\"\",\"first_title\":\"Tudo sobre frete\",\"second_title\":\"\",\"url\":\"\",\"header_type\":\"heading_6\",\"header_background\":\"\",\"header_secondary_background\":\"\",\"header_text_color\":\"\",\"header_line_color\":\"\",\"header_accent_color\":\"\",\"header_filter_category\":\"\",\"header_filter_author\":\"\",\"header_filter_tag\":\"\",\"header_filter_text\":\"Tudo\",\"sticky_post\":false,\"sticky_post_filter\":false,\"post_type\":\"post\",\"content_type\":\"all\",\"sponsor\":\"\",\"number_post\":\"6\",\"post_offset\":\"0\",\"unique_content\":\"disable\",\"include_post\":\"39525,43744,44746,44661,44415,44217\",\"included_only\":\"true\",\"exclude_post\":\"\",\"include_category\":\"52\",\"exclude_category\":\"70\",\"include_author\":\"\",\"include_tag\":\"\",\"exclude_tag\":\"\",\"exclude_visited_post\":false,\"sort_by\":\"random\",\"date_format\":\"default\",\"date_format_custom\":\"Y\\\/m\\\/d\",\"excerpt_length\":\"10\",\"excerpt_ellipsis\":\"...\",\"force_normal_image_load\":\"\",\"main_custom_image_size\":\"default\",\"pagination_mode\":\"disable\",\"pagination_nextprev_showtext\":\"\",\"pagination_number_post\":4,\"pagination_scroll_limit\":0,\"boxed\":\"\",\"boxed_shadow\":\"\",\"el_id\":\"\",\"el_class\":\"mais-recentes\",\"scheme\":\"\",\"column_width\":\"auto\",\"title_color\":\"\",\"accent_color\":\"\",\"alt_color\":\"\",\"excerpt_color\":\"\",\"css\":\"\",\"compatible_column_notice\":\"\",\"paged\":1,\"column_class\":\"jeg_col_3o3\",\"class\":\"jnews_block_23\"};<\/script>\n\t\t\t\t<\/div><div  class=\"jeg_postblock_23 jeg_postblock jeg_module_hook jeg_pagination_loadmore jeg_col_3o3 jnews_module__3_69f36d3286e1d   mais-recentes\" data-unique=\"jnews_module__3_69f36d3286e1d\">\n\t\t\t\t\t<div class=\"jeg_block_heading jeg_block_heading_6 jeg_subcat_right\">\n                     <h3 class=\"jeg_block_title\"><span>Continue lendo<\/span><\/h3>\n                     \n                 <\/div>\n\t\t\t\t\t<div class=\"jeg_block_container\">\n                    \n                    <div class=\"jeg_posts_wrap\">\n                    <div class=\"jeg_posts jeg_load_more_flag\"> \n                        <article class=\"jeg_post jeg_pl_md_1 format-standard\">\n                    <div class=\"jeg_thumb\">\n                        \n                        <a href=\"https:\/\/melhorenvio.com.br\/blog\/frete-e-logistica\/declaracao-de-conteudo-eletronica\/\" aria-label=\"Read article: Declara\u00e7\u00e3o de Conte\u00fado Eletr\u00f4nica (DC-e): o que muda e quem deve emitir\"><div class=\"thumbnail-container animate-lazy  size-715 \"><img loading=\"lazy\" decoding=\"async\" width=\"350\" height=\"250\" src=\"https:\/\/melhorenvio.com.br\/blog\/wp-content\/themes\/jnews\/assets\/img\/jeg-empty.png\" class=\"attachment-jnews-350x250 size-jnews-350x250 lazyload wp-post-image\" alt=\"Declara\u00e7\u00e3o de Conte\u00fado Eletr\u00f4nica (DC-e)\" sizes=\"auto, (max-width: 350px) 100vw, 350px\" data-src=\"https:\/\/melhorenvio.com.br\/blog\/wp-content\/uploads\/2025\/10\/Declaracao-de-Conteudo-Eletronica-DC-e-350x250.webp\" data-srcset=\"https:\/\/melhorenvio.com.br\/blog\/wp-content\/uploads\/2025\/10\/Declaracao-de-Conteudo-Eletronica-DC-e-350x250.webp 350w, https:\/\/melhorenvio.com.br\/blog\/wp-content\/uploads\/2025\/10\/Declaracao-de-Conteudo-Eletronica-DC-e-120x86.webp 120w, https:\/\/melhorenvio.com.br\/blog\/wp-content\/uploads\/2025\/10\/Declaracao-de-Conteudo-Eletronica-DC-e-750x536.webp 750w\" data-sizes=\"auto\" data-expand=\"700\" \/><\/div><\/a>\n                        <div class=\"jeg_post_category\">\n                            <span><a href=\"https:\/\/melhorenvio.com.br\/blog\/frete-e-logistica\/\" class=\"category-frete-e-logistica\">Frete e Log\u00edstica<\/a><\/span>\n                        <\/div>\n                    <\/div>\n                    <div class=\"jeg_postblock_content\">\n                        <h3 class=\"jeg_post_title\">\n                            <a href=\"https:\/\/melhorenvio.com.br\/blog\/frete-e-logistica\/declaracao-de-conteudo-eletronica\/\">Declara\u00e7\u00e3o de Conte\u00fado Eletr\u00f4nica (DC-e): o que muda e quem deve emitir<\/a>\n                        <\/h3>\n                        <div class=\"jeg_post_excerpt\">\n                            <p>A Declara\u00e7\u00e3o de Conte\u00fado Eletr\u00f4nica (DC-e) \u00e9 um documento digital...<\/p>\n                        <\/div>\n                        <div class=\"jeg_post_meta\"><div class=\"jeg_meta_author\"><span class=\"by\">Por<\/span> <a href=\"\/blog\/author\/thiago-soares\">Thiago<\/a><\/div><div class=\"jeg_meta_date\"><a href=\"https:\/\/melhorenvio.com.br\/blog\/frete-e-logistica\/declaracao-de-conteudo-eletronica\/\"><i class=\"fa fa-clock-o\"><\/i> mar\u00e7o, 2026<\/a><\/div><\/div>\n                    <\/div>\n                <\/article><article class=\"jeg_post jeg_pl_md_1 format-standard\">\n                    <div class=\"jeg_thumb\">\n                        \n                        <a href=\"https:\/\/melhorenvio.com.br\/blog\/empreendedorismo\/melhores-produtos-para-revenda\/\" aria-label=\"Read article: Produtos para revenda: 20 segmentos que t\u00eam \u00f3timo lucro e vendem f\u00e1cil\"><div class=\"thumbnail-container animate-lazy  size-715 \"><img loading=\"lazy\" decoding=\"async\" width=\"350\" height=\"250\" src=\"https:\/\/melhorenvio.com.br\/blog\/wp-content\/themes\/jnews\/assets\/img\/jeg-empty.png\" class=\"attachment-jnews-350x250 size-jnews-350x250 lazyload wp-post-image\" alt=\"Mulher em ateli\u00ea preenchendo informa\u00e7\u00f5es em caixa de papel\u00e3o\" sizes=\"auto, (max-width: 350px) 100vw, 350px\" data-src=\"https:\/\/melhorenvio.com.br\/blog\/wp-content\/uploads\/2024\/01\/revenda-de-produtos-blog-melhor-envio-destacada-350x250.webp\" data-srcset=\"https:\/\/melhorenvio.com.br\/blog\/wp-content\/uploads\/2024\/01\/revenda-de-produtos-blog-melhor-envio-destacada-350x250.webp 350w, https:\/\/melhorenvio.com.br\/blog\/wp-content\/uploads\/2024\/01\/revenda-de-produtos-blog-melhor-envio-destacada-120x86.webp 120w, https:\/\/melhorenvio.com.br\/blog\/wp-content\/uploads\/2024\/01\/revenda-de-produtos-blog-melhor-envio-destacada-750x536.webp 750w, https:\/\/melhorenvio.com.br\/blog\/wp-content\/uploads\/2024\/01\/revenda-de-produtos-blog-melhor-envio-destacada-1140x815.webp 1140w\" data-sizes=\"auto\" data-expand=\"700\" \/><\/div><\/a>\n                        <div class=\"jeg_post_category\">\n                            <span><a href=\"https:\/\/melhorenvio.com.br\/blog\/empreendedorismo\/\" class=\"category-empreendedorismo\">Empreendedorismo e Gest\u00e3o<\/a><\/span>\n                        <\/div>\n                    <\/div>\n                    <div class=\"jeg_postblock_content\">\n                        <h3 class=\"jeg_post_title\">\n                            <a href=\"https:\/\/melhorenvio.com.br\/blog\/empreendedorismo\/melhores-produtos-para-revenda\/\">Produtos para revenda: 20 segmentos que t\u00eam \u00f3timo lucro e vendem f\u00e1cil<\/a>\n                        <\/h3>\n                        <div class=\"jeg_post_excerpt\">\n                            <p>Confira os 20 melhores produtos para revenda em 2026.<\/p>\n                        <\/div>\n                        <div class=\"jeg_post_meta\"><div class=\"jeg_meta_author\"><span class=\"by\">Por<\/span> <a href=\"\/blog\/author\/thiago-soares\">Thiago<\/a><\/div><div class=\"jeg_meta_date\"><a href=\"https:\/\/melhorenvio.com.br\/blog\/empreendedorismo\/melhores-produtos-para-revenda\/\"><i class=\"fa fa-clock-o\"><\/i> mar\u00e7o, 2026<\/a><\/div><\/div>\n                    <\/div>\n                <\/article><article class=\"jeg_post jeg_pl_md_1 format-standard\">\n                    <div class=\"jeg_thumb\">\n                        \n                        <a href=\"https:\/\/melhorenvio.com.br\/blog\/frete-e-logistica\/transportadora-total-express\/\" aria-label=\"Read article: Total Express: como contratar frete mais barato com o Melhor Envio\"><div class=\"thumbnail-container animate-lazy  size-715 \"><img loading=\"lazy\" decoding=\"async\" width=\"350\" height=\"250\" src=\"https:\/\/melhorenvio.com.br\/blog\/wp-content\/themes\/jnews\/assets\/img\/jeg-empty.png\" class=\"attachment-jnews-350x250 size-jnews-350x250 lazyload wp-post-image\" alt=\"capa do artigo total express mostra uma encomenda na esteira entrega\" sizes=\"auto, (max-width: 350px) 100vw, 350px\" data-src=\"https:\/\/melhorenvio.com.br\/blog\/wp-content\/uploads\/2026\/02\/transportadora-total-express-capa-melhor-envio-350x250.webp\" data-srcset=\"https:\/\/melhorenvio.com.br\/blog\/wp-content\/uploads\/2026\/02\/transportadora-total-express-capa-melhor-envio-350x250.webp 350w, https:\/\/melhorenvio.com.br\/blog\/wp-content\/uploads\/2026\/02\/transportadora-total-express-capa-melhor-envio-120x86.webp 120w, https:\/\/melhorenvio.com.br\/blog\/wp-content\/uploads\/2026\/02\/transportadora-total-express-capa-melhor-envio-750x536.webp 750w, https:\/\/melhorenvio.com.br\/blog\/wp-content\/uploads\/2026\/02\/transportadora-total-express-capa-melhor-envio-1140x815.webp 1140w\" data-sizes=\"auto\" data-expand=\"700\" \/><\/div><\/a>\n                        <div class=\"jeg_post_category\">\n                            <span><a href=\"https:\/\/melhorenvio.com.br\/blog\/frete-e-logistica\/\" class=\"category-frete-e-logistica\">Frete e Log\u00edstica<\/a><\/span>\n                        <\/div>\n                    <\/div>\n                    <div class=\"jeg_postblock_content\">\n                        <h3 class=\"jeg_post_title\">\n                            <a href=\"https:\/\/melhorenvio.com.br\/blog\/frete-e-logistica\/transportadora-total-express\/\">Total Express: como contratar frete mais barato com o Melhor Envio<\/a>\n                        <\/h3>\n                        <div class=\"jeg_post_excerpt\">\n                            <p>A Total Express chegou ao Melhor Envio! Uma das transportadoras...<\/p>\n                        <\/div>\n                        <div class=\"jeg_post_meta\"><div class=\"jeg_meta_author\"><span class=\"by\">Por<\/span> <a href=\"\/blog\/author\/thiago-soares\">Thiago<\/a><\/div><div class=\"jeg_meta_date\"><a href=\"https:\/\/melhorenvio.com.br\/blog\/frete-e-logistica\/transportadora-total-express\/\"><i class=\"fa fa-clock-o\"><\/i> mar\u00e7o, 2026<\/a><\/div><\/div>\n                    <\/div>\n                <\/article><article class=\"jeg_post jeg_pl_md_1 format-standard\">\n                    <div class=\"jeg_thumb\">\n                        \n                        <a href=\"https:\/\/melhorenvio.com.br\/blog\/datas-especiais\/tendencias-pascoa\/\" aria-label=\"Read article: P\u00e1scoa 2026: quando \u00e9, significado da data e oportunidades para o e-commerce\"><div class=\"thumbnail-container animate-lazy  size-715 \"><img loading=\"lazy\" decoding=\"async\" width=\"350\" height=\"250\" src=\"https:\/\/melhorenvio.com.br\/blog\/wp-content\/themes\/jnews\/assets\/img\/jeg-empty.png\" class=\"attachment-jnews-350x250 size-jnews-350x250 lazyload wp-post-image\" alt=\"capa do artigo P\u00e1scoa 2026 que mostra coelho de chocolate em destaque com outros ovos de p\u00e1scoa\" sizes=\"auto, (max-width: 350px) 100vw, 350px\" data-src=\"https:\/\/melhorenvio.com.br\/blog\/wp-content\/uploads\/2024\/03\/pascoa-2026-quando-e-blog-melhor-envio-capa-350x250.webp\" data-srcset=\"https:\/\/melhorenvio.com.br\/blog\/wp-content\/uploads\/2024\/03\/pascoa-2026-quando-e-blog-melhor-envio-capa-350x250.webp 350w, https:\/\/melhorenvio.com.br\/blog\/wp-content\/uploads\/2024\/03\/pascoa-2026-quando-e-blog-melhor-envio-capa-120x86.webp 120w, https:\/\/melhorenvio.com.br\/blog\/wp-content\/uploads\/2024\/03\/pascoa-2026-quando-e-blog-melhor-envio-capa-750x536.webp 750w, https:\/\/melhorenvio.com.br\/blog\/wp-content\/uploads\/2024\/03\/pascoa-2026-quando-e-blog-melhor-envio-capa-1140x815.webp 1140w\" data-sizes=\"auto\" data-expand=\"700\" \/><\/div><\/a>\n                        <div class=\"jeg_post_category\">\n                            <span><a href=\"https:\/\/melhorenvio.com.br\/blog\/datas-especiais\/\" class=\"category-datas-especiais\">Datas especiais<\/a><\/span>\n                        <\/div>\n                    <\/div>\n                    <div class=\"jeg_postblock_content\">\n                        <h3 class=\"jeg_post_title\">\n                            <a href=\"https:\/\/melhorenvio.com.br\/blog\/datas-especiais\/tendencias-pascoa\/\">P\u00e1scoa 2026: quando \u00e9, significado da data e oportunidades para o e-commerce<\/a>\n                        <\/h3>\n                        <div class=\"jeg_post_excerpt\">\n                            <p>Saiba tudo sobre a P\u00e1scoa 2026 e como faturar no...<\/p>\n                        <\/div>\n                        <div class=\"jeg_post_meta\"><div class=\"jeg_meta_author\"><span class=\"by\">Por<\/span> <a href=\"\/blog\/author\/thiago-soares\">Thiago<\/a><\/div><div class=\"jeg_meta_date\"><a href=\"https:\/\/melhorenvio.com.br\/blog\/datas-especiais\/tendencias-pascoa\/\"><i class=\"fa fa-clock-o\"><\/i> mar\u00e7o, 2026<\/a><\/div><\/div>\n                    <\/div>\n                <\/article><article class=\"jeg_post jeg_pl_md_1 format-standard\">\n                    <div class=\"jeg_thumb\">\n                        \n                        <a href=\"https:\/\/melhorenvio.com.br\/blog\/empreendedorismo\/como-gerar-qr-code-pix\/\" aria-label=\"Read article: Como gerar QR Code PIX para imprimir e digital em segundos\"><div class=\"thumbnail-container animate-lazy  size-715 \"><img loading=\"lazy\" decoding=\"async\" width=\"350\" height=\"250\" src=\"https:\/\/melhorenvio.com.br\/blog\/wp-content\/themes\/jnews\/assets\/img\/jeg-empty.png\" class=\"attachment-jnews-350x250 size-jnews-350x250 lazyload wp-post-image\" alt=\"capa do artigo que mostra algu\u00e9m pagando com qr code pix em uma loja roupas\" sizes=\"auto, (max-width: 350px) 100vw, 350px\" data-src=\"https:\/\/melhorenvio.com.br\/blog\/wp-content\/uploads\/2026\/02\/como-gerar-qr-code-350x250.webp\" data-srcset=\"https:\/\/melhorenvio.com.br\/blog\/wp-content\/uploads\/2026\/02\/como-gerar-qr-code-350x250.webp 350w, https:\/\/melhorenvio.com.br\/blog\/wp-content\/uploads\/2026\/02\/como-gerar-qr-code-120x86.webp 120w, https:\/\/melhorenvio.com.br\/blog\/wp-content\/uploads\/2026\/02\/como-gerar-qr-code-750x536.webp 750w, https:\/\/melhorenvio.com.br\/blog\/wp-content\/uploads\/2026\/02\/como-gerar-qr-code-1140x815.webp 1140w\" data-sizes=\"auto\" data-expand=\"700\" \/><\/div><\/a>\n                        <div class=\"jeg_post_category\">\n                            <span><a href=\"https:\/\/melhorenvio.com.br\/blog\/empreendedorismo\/\" class=\"category-empreendedorismo\">Empreendedorismo e Gest\u00e3o<\/a><\/span>\n                        <\/div>\n                    <\/div>\n                    <div class=\"jeg_postblock_content\">\n                        <h3 class=\"jeg_post_title\">\n                            <a href=\"https:\/\/melhorenvio.com.br\/blog\/empreendedorismo\/como-gerar-qr-code-pix\/\">Como gerar QR Code PIX para imprimir e digital em segundos<\/a>\n                        <\/h3>\n                        <div class=\"jeg_post_excerpt\">\n                            <p>Aprenda como ciar QR Code Pix para facilitar os pagamentos...<\/p>\n                        <\/div>\n                        <div class=\"jeg_post_meta\"><div class=\"jeg_meta_author\"><span class=\"by\">Por<\/span> <a href=\"\/blog\/author\/thiago-soares\">Thiago<\/a><\/div><div class=\"jeg_meta_date\"><a href=\"https:\/\/melhorenvio.com.br\/blog\/empreendedorismo\/como-gerar-qr-code-pix\/\"><i class=\"fa fa-clock-o\"><\/i> fevereiro, 2026<\/a><\/div><\/div>\n                    <\/div>\n                <\/article><article class=\"jeg_post jeg_pl_md_1 format-standard\">\n                    <div class=\"jeg_thumb\">\n                        \n                        <a href=\"https:\/\/melhorenvio.com.br\/blog\/datas-especiais\/dia-do-consumidor-2026\/\" aria-label=\"Read article: Dia do Consumidor 2026: quando \u00e9 e como se preparar para vender mais\"><div class=\"thumbnail-container animate-lazy  size-715 \"><img loading=\"lazy\" decoding=\"async\" width=\"350\" height=\"250\" src=\"https:\/\/melhorenvio.com.br\/blog\/wp-content\/themes\/jnews\/assets\/img\/jeg-empty.png\" class=\"attachment-jnews-350x250 size-jnews-350x250 lazyload wp-post-image\" alt=\"Capa do artigo dia do consumidor 2026 que mostra dois comparadores segurando compras\" sizes=\"auto, (max-width: 350px) 100vw, 350px\" data-src=\"https:\/\/melhorenvio.com.br\/blog\/wp-content\/uploads\/2026\/02\/dia-do-consumidor-capa-melhor-envio-350x250.webp\" data-srcset=\"https:\/\/melhorenvio.com.br\/blog\/wp-content\/uploads\/2026\/02\/dia-do-consumidor-capa-melhor-envio-350x250.webp 350w, https:\/\/melhorenvio.com.br\/blog\/wp-content\/uploads\/2026\/02\/dia-do-consumidor-capa-melhor-envio-120x86.webp 120w, https:\/\/melhorenvio.com.br\/blog\/wp-content\/uploads\/2026\/02\/dia-do-consumidor-capa-melhor-envio-750x536.webp 750w, https:\/\/melhorenvio.com.br\/blog\/wp-content\/uploads\/2026\/02\/dia-do-consumidor-capa-melhor-envio-1140x815.webp 1140w\" data-sizes=\"auto\" data-expand=\"700\" \/><\/div><\/a>\n                        <div class=\"jeg_post_category\">\n                            <span><a href=\"https:\/\/melhorenvio.com.br\/blog\/datas-especiais\/\" class=\"category-datas-especiais\">Datas especiais<\/a><\/span>\n                        <\/div>\n                    <\/div>\n                    <div class=\"jeg_postblock_content\">\n                        <h3 class=\"jeg_post_title\">\n                            <a href=\"https:\/\/melhorenvio.com.br\/blog\/datas-especiais\/dia-do-consumidor-2026\/\">Dia do Consumidor 2026: quando \u00e9 e como se preparar para vender mais<\/a>\n                        <\/h3>\n                        <div class=\"jeg_post_excerpt\">\n                            <p>Aprenda como vender mais no Dia do Consumidor 2026!<\/p>\n                        <\/div>\n                        <div class=\"jeg_post_meta\"><div class=\"jeg_meta_author\"><span class=\"by\">Por<\/span> <a href=\"\/blog\/author\/paulo-henrique\">Paulo Henrique<\/a> e <a href=\"\/blog\/author\/thiago-soares\">Thiago<\/a><\/div><div class=\"jeg_meta_date\"><a href=\"https:\/\/melhorenvio.com.br\/blog\/datas-especiais\/dia-do-consumidor-2026\/\"><i class=\"fa fa-clock-o\"><\/i> fevereiro, 2026<\/a><\/div><\/div>\n                    <\/div>\n                <\/article>\n                    <\/div>\n                <\/div>\n                    <div class='module-overlay'>\n\t\t\t\t    <div class='preloader_type preloader_dot'>\n\t\t\t\t        <div class=\"module-preloader jeg_preloader dot\">\n\t\t\t\t            <span><\/span><span><\/span><span><\/span>\n\t\t\t\t        <\/div>\n\t\t\t\t        <div class=\"module-preloader jeg_preloader circle\">\n\t\t\t\t            <div class=\"jnews_preloader_circle_outer\">\n\t\t\t\t                <div class=\"jnews_preloader_circle_inner\"><\/div>\n\t\t\t\t            <\/div>\n\t\t\t\t        <\/div>\n\t\t\t\t        <div class=\"module-preloader jeg_preloader square\">\n\t\t\t\t            <div class=\"jeg_square\">\n\t\t\t\t                <div class=\"jeg_square_inner\"><\/div>\n\t\t\t\t            <\/div>\n\t\t\t\t        <\/div>\n\t\t\t\t    <\/div>\n\t\t\t\t<\/div>\n                <\/div>\n                <div class=\"jeg_block_navigation\">\n                    <div class='navigation_overlay'><div class='module-preloader jeg_preloader'><span><\/span><span><\/span><span><\/span><\/div><\/div>\n                    <div class=\"jeg_block_loadmore \">\n                    <a href=\"#\" class='' data-load='Ver mais' data-loading='Carregando...'> Ver mais<\/a>\n                <\/div>\n                    \n                <\/div>\n\t\t\t\t\t\n\t\t\t\t\t<script>var jnews_module__3_69f36d3286e1d = {\"header_icon\":\"\",\"first_title\":\"Continue lendo\",\"second_title\":\"\",\"url\":\"\",\"header_type\":\"heading_6\",\"header_background\":\"\",\"header_secondary_background\":\"\",\"header_text_color\":\"\",\"header_line_color\":\"\",\"header_accent_color\":\"\",\"header_filter_category\":\"\",\"header_filter_author\":\"\",\"header_filter_tag\":\"\",\"header_filter_text\":\"Tudo\",\"sticky_post\":false,\"sticky_post_filter\":false,\"post_type\":\"post\",\"content_type\":\"all\",\"sponsor\":false,\"number_post\":\"6\",\"post_offset\":\"6\",\"unique_content\":\"disable\",\"include_post\":\"\",\"included_only\":false,\"exclude_post\":\"\",\"include_category\":\"\",\"exclude_category\":\"70\",\"include_author\":\"\",\"include_tag\":\"\",\"exclude_tag\":\"\",\"exclude_visited_post\":false,\"sort_by\":\"latest\",\"date_format\":\"default\",\"date_format_custom\":\"Y\\\/m\\\/d\",\"excerpt_length\":\"10\",\"excerpt_ellipsis\":\"...\",\"force_normal_image_load\":\"\",\"main_custom_image_size\":\"default\",\"pagination_mode\":\"loadmore\",\"pagination_nextprev_showtext\":\"\",\"pagination_number_post\":\"6\",\"pagination_scroll_limit\":0,\"boxed\":\"\",\"boxed_shadow\":\"\",\"el_id\":\"\",\"el_class\":\"mais-recentes\",\"scheme\":\"\",\"column_width\":\"auto\",\"title_color\":\"\",\"accent_color\":\"\",\"alt_color\":\"\",\"excerpt_color\":\"\",\"css\":\"\",\"compatible_column_notice\":\"\",\"paged\":1,\"column_class\":\"jeg_col_3o3\",\"class\":\"jnews_block_23\"};<\/script>\n\t\t\t\t<\/div>[\/vc_column][vc_column width=&#8221;1\/3&#8243; sticky_sidebar=&#8221;yes&#8221; set_as_sidebar=&#8221;yes&#8221;][vc_widget_sidebar sidebar_id=&#8221;home&#8221;][vc_single_image image=&#8221;43277&#8243; img_size=&#8221;full&#8221; alignment=&#8221;center&#8221; onclick=&#8221;custom_link&#8221; css=&#8221;&#8221; link=&#8221;https:\/\/www.youtube.com\/channel\/UCxUY8mn3ViouA02-nFxPGVw&#8221;][\/vc_column][\/vc_row][vc_row][vc_column][\/vc_column][\/vc_row][vc_row][vc_column][vc_raw_html]JTNDbWV0YSUyMG5hbWUlM0QlMjJnb29nbGUtc2l0ZS12ZXJpZmljYXRpb24lMjIlMjBjb250ZW50JTNEJTIybi1uTjdoZnBrNkRwdWVjaGtrbldsemhnRXBTVEJzXzBGSlJabk9IajJCRSUyMiUyMCUyRiUzRQ==[\/vc_raw_html][\/vc_column][\/vc_row][vc_row][vc_column][vc_raw_html]JTNDaGVhZCUzRSUwQSUzQ3RpdGxlJTNFUCVDMyVBMWdpbmElMjBpbmljaWFsJTIwZGUlMjBleGFtcGxlLmNvbSUzQyUyRnRpdGxlJTNFJTBBJTNDbWV0YSUyMG5hbWUlM0QlMjJnb29nbGUtc2l0ZS12ZXJpZmljYXRpb24lMjIlMjBjb250ZW50JTNEJTIybi1uTjdoZnBrNkRwdWVjaGtrbldsemhnRXBTVEJzXzBGSlJabk9IajJCRSUyMiUyMCUyRiUzRSUwQSUzQyUyRmhlYWQlM0U=[\/vc_raw_html][\/vc_column][\/vc_row]<\/p>\n<\/div>","protected":false},"excerpt":{"rendered":"<p>[vc_row full_width=&#8221;stretch_row&#8221; vc_row_background=&#8221;&#8221;][vc_column][vc_wp_custommenu nav_menu=&#8221;13&#8243; el_class=&#8221;second-menu&#8221;][vc_images_carousel images=&#8221;58167,58709&#8243; img_size=&#8221;full&#8221; onclick=&#8221;custom_link&#8221; custom_links_target=&#8221;_blank&#8221; autoplay=&#8221;yes&#8221; hide_pagination_control=&#8221;yes&#8221; hide_prev_next_buttons=&#8221;yes&#8221; wrap=&#8221;yes&#8221; css=&#8221;&#8221; custom_links=&#8221;#E-8_aHR0cHMlM0ElMkYlMkZtZWxob3JlbnZpby5jb20uYnIlMkYlMkNodHRwcyUzQSUyRiUyRm1lbGhvcmVudmlvLmNvbS5iciUyRg==&#8221;][\/vc_column][\/vc_row][vc_row][vc_column width=&#8221;2\/3&#8243;][vc_raw_html]JTNDZGl2JTIwY2xhc3MlM0QlMjJlbS1kZXN0YXF1ZSUyMiUzRSU1QnNtYXJ0X3Bvc3Rfc2hvdyUyMGlkJTNEJTIyMzU2NDIlMjIlNUQlM0MlMkZkaXYlM0U=[\/vc_raw_html][vc_single_image image=&#8221;59493&#8243; img_size=&#8221;full&#8221; onclick=&#8221;custom_link&#8221; img_link_target=&#8221;_blank&#8221; css=&#8221;&#8221; el_class=&#8221;espaco-banners&#8221; link=&#8221;https:\/\/melhorenvio.com.br\/blog\/planner-2026-para-imprimir-e-digital-pdf-gratis\/&#8221;][\/vc_column][vc_column width=&#8221;1\/3&#8243; sticky_sidebar=&#8221;yes&#8221; set_as_sidebar=&#8221;yes&#8221;][vc_widget_sidebar sidebar_id=&#8221;home&#8221;][vc_single_image image=&#8221;43277&#8243; img_size=&#8221;full&#8221; alignment=&#8221;center&#8221; onclick=&#8221;custom_link&#8221; css=&#8221;&#8221; link=&#8221;https:\/\/www.youtube.com\/channel\/UCxUY8mn3ViouA02-nFxPGVw&#8221;][\/vc_column][\/vc_row][vc_row][vc_column][\/vc_column][\/vc_row][vc_row][vc_column][vc_raw_html]JTNDbWV0YSUyMG5hbWUlM0QlMjJnb29nbGUtc2l0ZS12ZXJpZmljYXRpb24lMjIlMjBjb250ZW50JTNEJTIybi1uTjdoZnBrNkRwdWVjaGtrbldsemhnRXBTVEJzXzBGSlJabk9IajJCRSUyMiUyMCUyRiUzRQ==[\/vc_raw_html][\/vc_column][\/vc_row][vc_row][vc_column][vc_raw_html]JTNDaGVhZCUzRSUwQSUzQ3RpdGxlJTNFUCVDMyVBMWdpbmElMjBpbmljaWFsJTIwZGUlMjBleGFtcGxlLmNvbSUzQyUyRnRpdGxlJTNFJTBBJTNDbWV0YSUyMG5hbWUlM0QlMjJnb29nbGUtc2l0ZS12ZXJpZmljYXRpb24lMjIlMjBjb250ZW50JTNEJTIybi1uTjdoZnBrNkRwdWVjaGtrbldsemhnRXBTVEJzXzBGSlJabk9IajJCRSUyMiUyMCUyRiUzRSUwQSUzQyUyRmhlYWQlM0U=[\/vc_raw_html][\/vc_column][\/vc_row]<\/p>\n","protected":false},"author":25,"featured_media":0,"parent":0,"menu_order":0,"comment_status":"closed","ping_status":"closed","template":"","meta":{"_acf_changed":false,"jnews_page_loop":{"enable_page_loop":"1","first_title":"Latest Post","second_title":"","header_type":"heading_6","header_background":"","header_text_color":"","layout":"right-sidebar","sidebar":"default-sidebar","second_sidebar":"default-sidebar","sticky_sidebar":"0","module":"23","boxed":"0","boxed_shadow":"0","box_shadow":"0","excerpt_length":"20","content_date":"default","date_custom":"Y\/m\/d","content_pagination":"nav_1","pagination_align":"center","show_navtext":"0","show_pageinfo":"1","post_sticky":"0","post_offset":"0","posts_per_page":"1","include_post":"","exclude_post":"","include_category":"","exclude_category":"","include_author":"","include_tag":"","exclude_tag":"","sort_by":"latest","main_custom_image_size":"default","second_custom_image_size":"default"},"jnews_single_page":{"layout":"no-sidebar","sidebar":"default-sidebar","second_sidebar":"default-sidebar","sticky_sidebar":"1","show_post_featured":"1","show_post_meta":"0","share_position":"top","share_color":"share-monocrhome","show_post_title":"1","show_post_breadcrumbs":"1"},"footnotes":""},"class_list":["post-44","page","type-page","status-publish","hentry"],"acf":[],"yoast_head":"<!-- This site is optimized with the Yoast SEO plugin v27.3 - https:\/\/yoast.com\/product\/yoast-seo-wordpress\/ -->\n<title>Melhor Envio - Cadastre-se agora e economize no frete<\/title>\n<meta name=\"description\" content=\"Aprenda a economizar na gest\u00e3o de fretes e conhe\u00e7a dicas essenciais para e-commerce e marketplace no Blog do Melhor Envio. Confira j\u00e1!\" \/>\n<meta name=\"robots\" content=\"index, follow, max-snippet:-1, max-image-preview:large, max-video-preview:-1\" \/>\n<link rel=\"canonical\" href=\"https:\/\/melhorenvio.com.br\/blog\/\" \/>\n<meta property=\"og:locale\" content=\"pt_BR\" \/>\n<meta property=\"og:type\" content=\"article\" \/>\n<meta property=\"og:title\" content=\"Melhor Envio - Cadastre-se agora e economize no frete\" \/>\n<meta property=\"og:description\" content=\"Aprenda a economizar na gest\u00e3o de fretes e conhe\u00e7a dicas essenciais para e-commerce e marketplace no Blog do Melhor Envio. Confira j\u00e1!\" \/>\n<meta property=\"og:url\" content=\"https:\/\/melhorenvio.com.br\/blog\/\" \/>\n<meta property=\"og:site_name\" content=\"Blog Melhor Envio\" \/>\n<meta property=\"article:publisher\" content=\"https:\/\/www.facebook.com\/MelhorEnvio\/\" \/>\n<meta property=\"article:modified_time\" content=\"2026-04-23T12:53:29+00:00\" \/>\n<meta property=\"og:image\" content=\"https:\/\/melhorenvio.com.br\/blog\/wp-content\/uploads\/2021\/01\/melhorenvio.png\" \/>\n\t<meta property=\"og:image:width\" content=\"256\" \/>\n\t<meta property=\"og:image:height\" content=\"200\" \/>\n\t<meta property=\"og:image:type\" content=\"image\/png\" \/>\n<meta name=\"twitter:card\" content=\"summary_large_image\" \/>\n<meta name=\"twitter:site\" content=\"@melhorenvio\" \/>\n<meta name=\"twitter:label1\" content=\"Est. tempo de leitura\" \/>\n\t<meta name=\"twitter:data1\" content=\"2 minutos\" \/>\n<script type=\"application\/ld+json\" class=\"yoast-schema-graph\">{\"@context\":\"https:\\\/\\\/schema.org\",\"@graph\":[{\"@type\":\"WebPage\",\"@id\":\"https:\\\/\\\/melhorenvio.com.br\\\/blog\\\/\",\"url\":\"https:\\\/\\\/melhorenvio.com.br\\\/blog\\\/\",\"name\":\"Melhor Envio - Cadastre-se agora e economize no frete\",\"isPartOf\":{\"@id\":\"https:\\\/\\\/blog.melhorenvio.com.br\\\/#website\"},\"datePublished\":\"2020-10-19T16:31:14+00:00\",\"dateModified\":\"2026-04-23T12:53:29+00:00\",\"description\":\"Aprenda a economizar na gest\u00e3o de fretes e conhe\u00e7a dicas essenciais para e-commerce e marketplace no Blog do Melhor Envio. Confira j\u00e1!\",\"inLanguage\":\"pt-BR\",\"potentialAction\":[{\"@type\":\"ReadAction\",\"target\":[\"https:\\\/\\\/melhorenvio.com.br\\\/blog\\\/\"]}]},{\"@type\":\"WebSite\",\"@id\":\"https:\\\/\\\/blog.melhorenvio.com.br\\\/#website\",\"url\":\"https:\\\/\\\/blog.melhorenvio.com.br\\\/\",\"name\":\"Blog Melhor Envio\",\"description\":\"Aprenda a economizar na gest\u00e3o de fretes\",\"publisher\":{\"@id\":\"https:\\\/\\\/blog.melhorenvio.com.br\\\/#organization\"},\"alternateName\":\"Blog do Melhor Envio\",\"potentialAction\":[{\"@type\":\"SearchAction\",\"target\":{\"@type\":\"EntryPoint\",\"urlTemplate\":\"https:\\\/\\\/blog.melhorenvio.com.br\\\/?s={search_term_string}\"},\"query-input\":{\"@type\":\"PropertyValueSpecification\",\"valueRequired\":true,\"valueName\":\"search_term_string\"}}],\"inLanguage\":\"pt-BR\"},{\"@type\":\"Organization\",\"@id\":\"https:\\\/\\\/blog.melhorenvio.com.br\\\/#organization\",\"name\":\"Melhor Envio\",\"alternateName\":\"Melhor Envio\",\"url\":\"https:\\\/\\\/blog.melhorenvio.com.br\\\/\",\"logo\":{\"@type\":\"ImageObject\",\"inLanguage\":\"pt-BR\",\"@id\":\"https:\\\/\\\/blog.melhorenvio.com.br\\\/#\\\/schema\\\/logo\\\/image\\\/\",\"url\":\"https:\\\/\\\/melhorenvio.com.br\\\/blog\\\/wp-content\\\/uploads\\\/2022\\\/12\\\/blog-logo-melhor-envio.webp\",\"contentUrl\":\"https:\\\/\\\/melhorenvio.com.br\\\/blog\\\/wp-content\\\/uploads\\\/2022\\\/12\\\/blog-logo-melhor-envio.webp\",\"width\":188,\"height\":96,\"caption\":\"Melhor Envio\"},\"image\":{\"@id\":\"https:\\\/\\\/blog.melhorenvio.com.br\\\/#\\\/schema\\\/logo\\\/image\\\/\"},\"sameAs\":[\"https:\\\/\\\/www.facebook.com\\\/MelhorEnvio\\\/\",\"https:\\\/\\\/x.com\\\/melhorenvio\",\"https:\\\/\\\/www.instagram.com\\\/melhorenvio\",\"https:\\\/\\\/www.youtube.com\\\/melhorenviooficial\",\"https:\\\/\\\/br.linkedin.com\\\/company\\\/melhorenvio\"]}]}<\/script>\n<!-- \/ Yoast SEO plugin. -->","yoast_head_json":{"title":"Melhor Envio - Cadastre-se agora e economize no frete","description":"Aprenda a economizar na gest\u00e3o de fretes e conhe\u00e7a dicas essenciais para e-commerce e marketplace no Blog do Melhor Envio. Confira j\u00e1!","robots":{"index":"index","follow":"follow","max-snippet":"max-snippet:-1","max-image-preview":"max-image-preview:large","max-video-preview":"max-video-preview:-1"},"canonical":"https:\/\/melhorenvio.com.br\/blog\/","og_locale":"pt_BR","og_type":"article","og_title":"Melhor Envio - Cadastre-se agora e economize no frete","og_description":"Aprenda a economizar na gest\u00e3o de fretes e conhe\u00e7a dicas essenciais para e-commerce e marketplace no Blog do Melhor Envio. Confira j\u00e1!","og_url":"https:\/\/melhorenvio.com.br\/blog\/","og_site_name":"Blog Melhor Envio","article_publisher":"https:\/\/www.facebook.com\/MelhorEnvio\/","article_modified_time":"2026-04-23T12:53:29+00:00","og_image":[{"width":256,"height":200,"url":"https:\/\/melhorenvio.com.br\/blog\/wp-content\/uploads\/2021\/01\/melhorenvio.png","type":"image\/png"}],"twitter_card":"summary_large_image","twitter_site":"@melhorenvio","twitter_misc":{"Est. tempo de leitura":"2 minutos"},"schema":{"@context":"https:\/\/schema.org","@graph":[{"@type":"WebPage","@id":"https:\/\/melhorenvio.com.br\/blog\/","url":"https:\/\/melhorenvio.com.br\/blog\/","name":"Melhor Envio - Cadastre-se agora e economize no frete","isPartOf":{"@id":"https:\/\/blog.melhorenvio.com.br\/#website"},"datePublished":"2020-10-19T16:31:14+00:00","dateModified":"2026-04-23T12:53:29+00:00","description":"Aprenda a economizar na gest\u00e3o de fretes e conhe\u00e7a dicas essenciais para e-commerce e marketplace no Blog do Melhor Envio. Confira j\u00e1!","inLanguage":"pt-BR","potentialAction":[{"@type":"ReadAction","target":["https:\/\/melhorenvio.com.br\/blog\/"]}]},{"@type":"WebSite","@id":"https:\/\/blog.melhorenvio.com.br\/#website","url":"https:\/\/blog.melhorenvio.com.br\/","name":"Blog Melhor Envio","description":"Aprenda a economizar na gest\u00e3o de fretes","publisher":{"@id":"https:\/\/blog.melhorenvio.com.br\/#organization"},"alternateName":"Blog do Melhor Envio","potentialAction":[{"@type":"SearchAction","target":{"@type":"EntryPoint","urlTemplate":"https:\/\/blog.melhorenvio.com.br\/?s={search_term_string}"},"query-input":{"@type":"PropertyValueSpecification","valueRequired":true,"valueName":"search_term_string"}}],"inLanguage":"pt-BR"},{"@type":"Organization","@id":"https:\/\/blog.melhorenvio.com.br\/#organization","name":"Melhor Envio","alternateName":"Melhor Envio","url":"https:\/\/blog.melhorenvio.com.br\/","logo":{"@type":"ImageObject","inLanguage":"pt-BR","@id":"https:\/\/blog.melhorenvio.com.br\/#\/schema\/logo\/image\/","url":"https:\/\/melhorenvio.com.br\/blog\/wp-content\/uploads\/2022\/12\/blog-logo-melhor-envio.webp","contentUrl":"https:\/\/melhorenvio.com.br\/blog\/wp-content\/uploads\/2022\/12\/blog-logo-melhor-envio.webp","width":188,"height":96,"caption":"Melhor Envio"},"image":{"@id":"https:\/\/blog.melhorenvio.com.br\/#\/schema\/logo\/image\/"},"sameAs":["https:\/\/www.facebook.com\/MelhorEnvio\/","https:\/\/x.com\/melhorenvio","https:\/\/www.instagram.com\/melhorenvio","https:\/\/www.youtube.com\/melhorenviooficial","https:\/\/br.linkedin.com\/company\/melhorenvio"]}]}},"_links":{"self":[{"href":"https:\/\/melhorenvio.com.br\/blog\/wp-json\/wp\/v2\/pages\/44","targetHints":{"allow":["GET"]}}],"collection":[{"href":"https:\/\/melhorenvio.com.br\/blog\/wp-json\/wp\/v2\/pages"}],"about":[{"href":"https:\/\/melhorenvio.com.br\/blog\/wp-json\/wp\/v2\/types\/page"}],"author":[{"embeddable":true,"href":"https:\/\/melhorenvio.com.br\/blog\/wp-json\/wp\/v2\/users\/25"}],"replies":[{"embeddable":true,"href":"https:\/\/melhorenvio.com.br\/blog\/wp-json\/wp\/v2\/comments?post=44"}],"version-history":[{"count":150,"href":"https:\/\/melhorenvio.com.br\/blog\/wp-json\/wp\/v2\/pages\/44\/revisions"}],"predecessor-version":[{"id":59950,"href":"https:\/\/melhorenvio.com.br\/blog\/wp-json\/wp\/v2\/pages\/44\/revisions\/59950"}],"wp:attachment":[{"href":"https:\/\/melhorenvio.com.br\/blog\/wp-json\/wp\/v2\/media?parent=44"}],"curies":[{"name":"wp","href":"https:\/\/api.w.org\/{rel}","templated":true}]}}